{"id":6330,"date":"2022-11-02T06:48:16","date_gmt":"2022-11-02T05:48:16","guid":{"rendered":"https:\/\/www.festival-armoricourt.com\/?page_id=6330"},"modified":"2024-02-15T18:39:47","modified_gmt":"2024-02-15T17:39:47","slug":"la-bande-annonce","status":"publish","type":"page","link":"https:\/\/festival-armoricourt.com\/index.php\/edition-14-2022\/la-bande-annonce\/","title":{"rendered":"LA BANDE-ANNONCE"},"content":{"rendered":"\n<p>Le <strong>Festival Armoricourt<\/strong> poursuit sa route avec cette 14e \u00e9dition qui se tiendra du 24 au 27 novembre 2022 &#8211; Ce sera \u00e0 Plestin-les-Gr\u00e8ves au Cin\u00e9ma Le Douron<br \/>Pour la seconde fois, le Festival va se consacrer exclusivement aux <strong>moyens m\u00e9trages<\/strong> (films dont la dur\u00e9e se situe entre 35 et 59 minutes). 7 films seront cette ann\u00e9e en comp\u00e9tition, r\u00e9partis sur 3 s\u00e9ances. Des repr\u00e9sentants des \u00e9quipes des films seront pr\u00e9sents \u00e0 chaque s\u00e9ance pour \u00e9changer avec le public apr\u00e8s la projection. C&rsquo;est la marque de fabrique du Festival Armoricourt : <strong><em>\u00ab\u00a0D\u00e9couvrir des films de qualit\u00e9 et rencontrer ceux qui les font\u00a0\u00bb<\/em><\/strong><\/p>\n\n\n\n<p>Visionnez <strong><span style=\"text-decoration: underline;\"><a href=\"http:\/\/tv-tregor.com\/annonces\/festival-armoricourt-edition-14\/\" target=\"_blank\" rel=\"noreferrer noopener\">la bande-annonce du Festiva<\/a><\/span><a href=\"http:\/\/tv-tregor.com\/annonces\/festival-armoricourt-edition-14\/\">l<\/a><\/strong><\/p>\n\n\n\n<p>D\u00e9couvrez <strong><a href=\"https:\/\/www.festival-armoricourt.com\/edition-14-2022\/programme\/\">le programme complet du Festival<\/a><\/strong><\/p>\n","protected":false},"excerpt":{"rendered":"<p>Le Festival Armoricourt poursuit sa route avec cette 14e \u00e9dition qui se tiendra du 24 au 27 novembre 2022 &#8211; Ce sera \u00e0 Plestin-les-Gr\u00e8ves au Cin\u00e9ma Le DouronPour la seconde fois, le Festival va se consacrer exclusivement aux moyens m\u00e9trages (films dont la dur\u00e9e se situe entre 35 et 59 minutes). 7 films seront cette [&hellip;]<\/p>\n","protected":false},"author":3,"featured_media":6331,"parent":6091,"menu_order":0,"comment_status":"closed","ping_status":"closed","template":"","meta":{"ocean_post_layout":"","ocean_both_sidebars_style":"","ocean_both_sidebars_content_width":0,"ocean_both_sidebars_sidebars_width":0,"ocean_sidebar":"0","ocean_second_sidebar":"0","ocean_disable_margins":"enable","ocean_add_body_class":"","ocean_shortcode_before_top_bar":"","ocean_shortcode_after_top_bar":"","ocean_shortcode_before_header":"","ocean_shortcode_after_header":"","ocean_has_shortcode":"","ocean_shortcode_after_title":"","ocean_shortcode_before_footer_widgets":"","ocean_shortcode_after_footer_widgets":"","ocean_shortcode_before_footer_bottom":"","ocean_shortcode_after_footer_bottom":"","ocean_display_top_bar":"default","ocean_display_header":"default","ocean_header_style":"","ocean_center_header_left_menu":"0","ocean_custom_header_template":"0","ocean_custom_logo":0,"ocean_custom_retina_logo":0,"ocean_custom_logo_max_width":0,"ocean_custom_logo_tablet_max_width":0,"ocean_custom_logo_mobile_max_width":0,"ocean_custom_logo_max_height":0,"ocean_custom_logo_tablet_max_height":0,"ocean_custom_logo_mobile_max_height":0,"ocean_header_custom_menu":"0","ocean_menu_typo_font_family":"0","ocean_menu_typo_font_subset":"","ocean_menu_typo_font_size":0,"ocean_menu_typo_font_size_tablet":0,"ocean_menu_typo_font_size_mobile":0,"ocean_menu_typo_font_size_unit":"px","ocean_menu_typo_font_weight":"","ocean_menu_typo_font_weight_tablet":"","ocean_menu_typo_font_weight_mobile":"","ocean_menu_typo_transform":"","ocean_menu_typo_transform_tablet":"","ocean_menu_typo_transform_mobile":"","ocean_menu_typo_line_height":0,"ocean_menu_typo_line_height_tablet":0,"ocean_menu_typo_line_height_mobile":0,"ocean_menu_typo_line_height_unit":"","ocean_menu_typo_spacing":0,"ocean_menu_typo_spacing_tablet":0,"ocean_menu_typo_spacing_mobile":0,"ocean_menu_typo_spacing_unit":"","ocean_menu_link_color":"","ocean_menu_link_color_hover":"","ocean_menu_link_color_active":"","ocean_menu_link_background":"","ocean_menu_link_hover_background":"","ocean_menu_link_active_background":"","ocean_menu_social_links_bg":"","ocean_menu_social_hover_links_bg":"","ocean_menu_social_links_color":"","ocean_menu_social_hover_links_color":"","ocean_disable_title":"default","ocean_disable_heading":"default","ocean_post_title":"","ocean_post_subheading":"","ocean_post_title_style":"","ocean_post_title_background_color":"","ocean_post_title_background":0,"ocean_post_title_bg_image_position":"","ocean_post_title_bg_image_attachment":"","ocean_post_title_bg_image_repeat":"","ocean_post_title_bg_image_size":"","ocean_post_title_height":0,"ocean_post_title_bg_overlay":0.5,"ocean_post_title_bg_overlay_color":"","ocean_disable_breadcrumbs":"default","ocean_breadcrumbs_color":"","ocean_breadcrumbs_separator_color":"","ocean_breadcrumbs_links_color":"","ocean_breadcrumbs_links_hover_color":"","ocean_display_footer_widgets":"default","ocean_display_footer_bottom":"default","ocean_custom_footer_template":"0","footnotes":""},"class_list":["post-6330","page","type-page","status-publish","has-post-thumbnail","hentry","entry","has-media"],"yoast_head":"<!-- This site is optimized with the Yoast SEO plugin v27.0 - https:\/\/yoast.com\/product\/yoast-seo-wordpress\/ -->\n<title>LA BANDE-ANNONCE - Festival Armoricourt<\/title>\n<meta name=\"robots\" content=\"index, follow, max-snippet:-1, max-image-preview:large, max-video-preview:-1\" \/>\n<link rel=\"canonical\" href=\"https:\/\/festival-armoricourt.com\/index.php\/edition-14-2022\/la-bande-annonce\/\" \/>\n<meta property=\"og:locale\" content=\"fr_FR\" \/>\n<meta property=\"og:type\" content=\"article\" \/>\n<meta property=\"og:title\" content=\"LA BANDE-ANNONCE - Festival Armoricourt\" \/>\n<meta property=\"og:description\" content=\"Le Festival Armoricourt poursuit sa route avec cette 14e \u00e9dition qui se tiendra du 24 au 27 novembre 2022 &#8211; Ce sera \u00e0 Plestin-les-Gr\u00e8ves au Cin\u00e9ma Le DouronPour la seconde fois, le Festival va se consacrer exclusivement aux moyens m\u00e9trages (films dont la dur\u00e9e se situe entre 35 et 59 minutes). 7 films seront cette [&hellip;]\" \/>\n<meta property=\"og:url\" content=\"https:\/\/festival-armoricourt.com\/index.php\/edition-14-2022\/la-bande-annonce\/\" \/>\n<meta property=\"og:site_name\" content=\"Festival Armoricourt\" \/>\n<meta property=\"article:publisher\" content=\"https:\/\/www.facebook.com\/armoricourt\" \/>\n<meta property=\"article:modified_time\" content=\"2024-02-15T17:39:47+00:00\" \/>\n<meta name=\"twitter:card\" content=\"summary_large_image\" \/>\n<meta name=\"twitter:label1\" content=\"Dur\u00e9e de lecture estim\u00e9e\" \/>\n\t<meta name=\"twitter:data1\" content=\"1 minute\" \/>\n<script type=\"application\/ld+json\" class=\"yoast-schema-graph\">{\"@context\":\"https:\/\/schema.org\",\"@graph\":[{\"@type\":\"WebPage\",\"@id\":\"https:\/\/festival-armoricourt.com\/index.php\/edition-14-2022\/la-bande-annonce\/\",\"url\":\"https:\/\/festival-armoricourt.com\/index.php\/edition-14-2022\/la-bande-annonce\/\",\"name\":\"LA BANDE-ANNONCE - Festival Armoricourt\",\"isPartOf\":{\"@id\":\"https:\/\/festival-armoricourt.com\/#website\"},\"primaryImageOfPage\":{\"@id\":\"https:\/\/festival-armoricourt.com\/index.php\/edition-14-2022\/la-bande-annonce\/#primaryimage\"},\"image\":{\"@id\":\"https:\/\/festival-armoricourt.com\/index.php\/edition-14-2022\/la-bande-annonce\/#primaryimage\"},\"thumbnailUrl\":\"\",\"datePublished\":\"2022-11-02T05:48:16+00:00\",\"dateModified\":\"2024-02-15T17:39:47+00:00\",\"breadcrumb\":{\"@id\":\"https:\/\/festival-armoricourt.com\/index.php\/edition-14-2022\/la-bande-annonce\/#breadcrumb\"},\"inLanguage\":\"fr-FR\",\"potentialAction\":[{\"@type\":\"ReadAction\",\"target\":[\"https:\/\/festival-armoricourt.com\/index.php\/edition-14-2022\/la-bande-annonce\/\"]}]},{\"@type\":\"ImageObject\",\"inLanguage\":\"fr-FR\",\"@id\":\"https:\/\/festival-armoricourt.com\/index.php\/edition-14-2022\/la-bande-annonce\/#primaryimage\",\"url\":\"\",\"contentUrl\":\"\"},{\"@type\":\"BreadcrumbList\",\"@id\":\"https:\/\/festival-armoricourt.com\/index.php\/edition-14-2022\/la-bande-annonce\/#breadcrumb\",\"itemListElement\":[{\"@type\":\"ListItem\",\"position\":1,\"name\":\"Accueil\",\"item\":\"https:\/\/festival-armoricourt.com\/\"},{\"@type\":\"ListItem\",\"position\":2,\"name\":\"\u00c9DITION 14 &#8211; 2022\",\"item\":\"https:\/\/festival-armoricourt.com\/index.php\/edition-14-2022\/\"},{\"@type\":\"ListItem\",\"position\":3,\"name\":\"LA BANDE-ANNONCE\"}]},{\"@type\":\"WebSite\",\"@id\":\"https:\/\/festival-armoricourt.com\/#website\",\"url\":\"https:\/\/festival-armoricourt.com\/\",\"name\":\"Festival Armoricourt\",\"description\":\"Decouvrir des courts m\u00e9trages de qualit\u00e9, et rencontrer ceux qui les font\",\"publisher\":{\"@id\":\"https:\/\/festival-armoricourt.com\/#organization\"},\"potentialAction\":[{\"@type\":\"SearchAction\",\"target\":{\"@type\":\"EntryPoint\",\"urlTemplate\":\"https:\/\/festival-armoricourt.com\/?s={search_term_string}\"},\"query-input\":{\"@type\":\"PropertyValueSpecification\",\"valueRequired\":true,\"valueName\":\"search_term_string\"}}],\"inLanguage\":\"fr-FR\"},{\"@type\":\"Organization\",\"@id\":\"https:\/\/festival-armoricourt.com\/#organization\",\"name\":\"Armoricourt\",\"url\":\"https:\/\/festival-armoricourt.com\/\",\"logo\":{\"@type\":\"ImageObject\",\"inLanguage\":\"fr-FR\",\"@id\":\"https:\/\/festival-armoricourt.com\/#\/schema\/logo\/image\/\",\"url\":\"https:\/\/festival-armoricourt.com\/wp-content\/uploads\/2023\/10\/cropped-2023-logo-armoricourt-1280.jpg\",\"contentUrl\":\"https:\/\/festival-armoricourt.com\/wp-content\/uploads\/2023\/10\/cropped-2023-logo-armoricourt-1280.jpg\",\"width\":1280,\"height\":351,\"caption\":\"Armoricourt\"},\"image\":{\"@id\":\"https:\/\/festival-armoricourt.com\/#\/schema\/logo\/image\/\"},\"sameAs\":[\"https:\/\/www.facebook.com\/armoricourt\"]}]}<\/script>\n<!-- \/ Yoast SEO plugin. -->","yoast_head_json":{"title":"LA BANDE-ANNONCE - Festival Armoricourt","robots":{"index":"index","follow":"follow","max-snippet":"max-snippet:-1","max-image-preview":"max-image-preview:large","max-video-preview":"max-video-preview:-1"},"canonical":"https:\/\/festival-armoricourt.com\/index.php\/edition-14-2022\/la-bande-annonce\/","og_locale":"fr_FR","og_type":"article","og_title":"LA BANDE-ANNONCE - Festival Armoricourt","og_description":"Le Festival Armoricourt poursuit sa route avec cette 14e \u00e9dition qui se tiendra du 24 au 27 novembre 2022 &#8211; Ce sera \u00e0 Plestin-les-Gr\u00e8ves au Cin\u00e9ma Le DouronPour la seconde fois, le Festival va se consacrer exclusivement aux moyens m\u00e9trages (films dont la dur\u00e9e se situe entre 35 et 59 minutes). 7 films seront cette [&hellip;]","og_url":"https:\/\/festival-armoricourt.com\/index.php\/edition-14-2022\/la-bande-annonce\/","og_site_name":"Festival Armoricourt","article_publisher":"https:\/\/www.facebook.com\/armoricourt","article_modified_time":"2024-02-15T17:39:47+00:00","twitter_card":"summary_large_image","twitter_misc":{"Dur\u00e9e de lecture estim\u00e9e":"1 minute"},"schema":{"@context":"https:\/\/schema.org","@graph":[{"@type":"WebPage","@id":"https:\/\/festival-armoricourt.com\/index.php\/edition-14-2022\/la-bande-annonce\/","url":"https:\/\/festival-armoricourt.com\/index.php\/edition-14-2022\/la-bande-annonce\/","name":"LA BANDE-ANNONCE - Festival Armoricourt","isPartOf":{"@id":"https:\/\/festival-armoricourt.com\/#website"},"primaryImageOfPage":{"@id":"https:\/\/festival-armoricourt.com\/index.php\/edition-14-2022\/la-bande-annonce\/#primaryimage"},"image":{"@id":"https:\/\/festival-armoricourt.com\/index.php\/edition-14-2022\/la-bande-annonce\/#primaryimage"},"thumbnailUrl":"","datePublished":"2022-11-02T05:48:16+00:00","dateModified":"2024-02-15T17:39:47+00:00","breadcrumb":{"@id":"https:\/\/festival-armoricourt.com\/index.php\/edition-14-2022\/la-bande-annonce\/#breadcrumb"},"inLanguage":"fr-FR","potentialAction":[{"@type":"ReadAction","target":["https:\/\/festival-armoricourt.com\/index.php\/edition-14-2022\/la-bande-annonce\/"]}]},{"@type":"ImageObject","inLanguage":"fr-FR","@id":"https:\/\/festival-armoricourt.com\/index.php\/edition-14-2022\/la-bande-annonce\/#primaryimage","url":"","contentUrl":""},{"@type":"BreadcrumbList","@id":"https:\/\/festival-armoricourt.com\/index.php\/edition-14-2022\/la-bande-annonce\/#breadcrumb","itemListElement":[{"@type":"ListItem","position":1,"name":"Accueil","item":"https:\/\/festival-armoricourt.com\/"},{"@type":"ListItem","position":2,"name":"\u00c9DITION 14 &#8211; 2022","item":"https:\/\/festival-armoricourt.com\/index.php\/edition-14-2022\/"},{"@type":"ListItem","position":3,"name":"LA BANDE-ANNONCE"}]},{"@type":"WebSite","@id":"https:\/\/festival-armoricourt.com\/#website","url":"https:\/\/festival-armoricourt.com\/","name":"Festival Armoricourt","description":"Decouvrir des courts m\u00e9trages de qualit\u00e9, et rencontrer ceux qui les font","publisher":{"@id":"https:\/\/festival-armoricourt.com\/#organization"},"potentialAction":[{"@type":"SearchAction","target":{"@type":"EntryPoint","urlTemplate":"https:\/\/festival-armoricourt.com\/?s={search_term_string}"},"query-input":{"@type":"PropertyValueSpecification","valueRequired":true,"valueName":"search_term_string"}}],"inLanguage":"fr-FR"},{"@type":"Organization","@id":"https:\/\/festival-armoricourt.com\/#organization","name":"Armoricourt","url":"https:\/\/festival-armoricourt.com\/","logo":{"@type":"ImageObject","inLanguage":"fr-FR","@id":"https:\/\/festival-armoricourt.com\/#\/schema\/logo\/image\/","url":"https:\/\/festival-armoricourt.com\/wp-content\/uploads\/2023\/10\/cropped-2023-logo-armoricourt-1280.jpg","contentUrl":"https:\/\/festival-armoricourt.com\/wp-content\/uploads\/2023\/10\/cropped-2023-logo-armoricourt-1280.jpg","width":1280,"height":351,"caption":"Armoricourt"},"image":{"@id":"https:\/\/festival-armoricourt.com\/#\/schema\/logo\/image\/"},"sameAs":["https:\/\/www.facebook.com\/armoricourt"]}]}},"_links":{"self":[{"href":"https:\/\/festival-armoricourt.com\/index.php\/wp-json\/wp\/v2\/pages\/6330","targetHints":{"allow":["GET"]}}],"collection":[{"href":"https:\/\/festival-armoricourt.com\/index.php\/wp-json\/wp\/v2\/pages"}],"about":[{"href":"https:\/\/festival-armoricourt.com\/index.php\/wp-json\/wp\/v2\/types\/page"}],"author":[{"embeddable":true,"href":"https:\/\/festival-armoricourt.com\/index.php\/wp-json\/wp\/v2\/users\/3"}],"replies":[{"embeddable":true,"href":"https:\/\/festival-armoricourt.com\/index.php\/wp-json\/wp\/v2\/comments?post=6330"}],"version-history":[{"count":1,"href":"https:\/\/festival-armoricourt.com\/index.php\/wp-json\/wp\/v2\/pages\/6330\/revisions"}],"predecessor-version":[{"id":10076,"href":"https:\/\/festival-armoricourt.com\/index.php\/wp-json\/wp\/v2\/pages\/6330\/revisions\/10076"}],"up":[{"embeddable":true,"href":"https:\/\/festival-armoricourt.com\/index.php\/wp-json\/wp\/v2\/pages\/6091"}],"wp:featuredmedia":[{"embeddable":true,"href":"https:\/\/festival-armoricourt.com\/index.php\/wp-json\/"}],"wp:attachment":[{"href":"https:\/\/festival-armoricourt.com\/index.php\/wp-json\/wp\/v2\/media?parent=6330"}],"curies":[{"name":"wp","href":"https:\/\/api.w.org\/{rel}","templated":true}]}}