{"id":10031,"date":"2024-01-26T23:15:42","date_gmt":"2024-01-26T22:15:42","guid":{"rendered":"https:\/\/www.festival-armoricourt.com\/?page_id=6928"},"modified":"2024-09-09T07:39:08","modified_gmt":"2024-09-09T05:39:08","slug":"festival-armoricourt-16-le-reglement","status":"publish","type":"page","link":"https:\/\/festival-armoricourt.com\/index.php\/edition-16-2024\/festival-armoricourt-16-le-reglement\/","title":{"rendered":"FESTIVAL ARMORICOURT #16 &#8211; LE REGLEMENT"},"content":{"rendered":"\n<p><\/p>\n\n\n\n<p>Voici le r\u00e8glement pour concourir \u00e0 la prochaine \u00e9dition du <strong>Festival Armoricourt<\/strong><\/p>\n\n\n\n<figure class=\"wp-block-image size-full is-resized\"><a href=\"https:\/\/www.festival-armoricourt.com\/wp-content\/uploads\/2024\/01\/gendarme-clipart-14r.jpg\"><img decoding=\"async\" src=\"https:\/\/www.festival-armoricourt.com\/wp-content\/uploads\/2024\/01\/gendarme-clipart-14r.jpg\" alt=\"\" class=\"wp-image-6943\" style=\"width:445px;height:auto\"\/><\/a><\/figure>\n\n\n\n<p>La version en pdf t\u00e9l\u00e9chargeable et imprimable du r\u00e8glement est accessible ci-apr\u00e8s :<\/p>\n\n\n\n<div data-wp-interactive=\"core\/file\" class=\"wp-block-file\"><object data-wp-bind--hidden=\"!state.hasPdfPreview\" hidden class=\"wp-block-file__embed\" data=\"https:\/\/www.festival-armoricourt.com\/wp-content\/uploads\/2024\/01\/2024-armoricourt-reglement-1.pdf\" type=\"application\/pdf\" style=\"width:100%;height:600px\" aria-label=\"Contenu embarqu\u00e9 2024-armoricourt-reglement-1.\"><\/object><a id=\"wp-block-file--media-f384ce0b-3f35-4141-b915-1b6db8a9e231\" href=\"https:\/\/www.festival-armoricourt.com\/wp-content\/uploads\/2024\/01\/2024-armoricourt-reglement-1.pdf\">2024-armoricourt-reglement-1<\/a><a href=\"https:\/\/www.festival-armoricourt.com\/wp-content\/uploads\/2024\/01\/2024-armoricourt-reglement-1.pdf\" class=\"wp-block-file__button wp-element-button\" download aria-describedby=\"wp-block-file--media-f384ce0b-3f35-4141-b915-1b6db8a9e231\">T\u00e9l\u00e9charger<\/a><\/div>\n\n\n\n<h2 class=\"wp-block-heading\"><strong>Le Festival<\/strong><\/h2>\n\n\n\n<p>Le <strong>Festival Armoricourt<\/strong> est organis\u00e9 par l\u2019association <strong>Armoricourt<\/strong>, sise \u00e0 <strong>Plestin-les-Gr\u00e8ves<\/strong> (22310) dans les C\u00f4tes d\u2019Armor en Bretagne. La 16<sup>e<\/sup> \u00e9dition aura lieu <strong>les 21 et 23 novembre 2024<\/strong> au cin\u00e9ma \u00ab\u00a0<strong>Le Douron\u00a0<\/strong>\u00bb<\/p>\n\n\n\n<h2 class=\"wp-block-heading\"><strong>Conditions g\u00e9n\u00e9rales de participation<\/strong><\/h2>\n\n\n\n<p>La comp\u00e9tition concerne les courts-m\u00e9trages d\u2019une dur\u00e9e comprise <strong>entre 35 et moins de 60 minutes<\/strong>. Elle s&rsquo;adresse aux <strong>films francophones de fiction humaine<\/strong>, r\u00e9alis\u00e9s en <strong>captation r\u00e9elle<\/strong> (Les films d\u2019animation, clips et documentaires ne sont pas admis mais les effets sp\u00e9ciaux sont autoris\u00e9s). La comp\u00e9tition n\u2019est ouverte qu\u2019aux films produits \u00e0 partir du <strong>1<\/strong><sup><strong>er<\/strong><\/sup><strong> janvier 2021<\/strong>.<\/p>\n\n\n\n<p>Les films qui ont d\u00e9j\u00e0 postul\u00e9 au Festival Armoricourt ne sont pas accept\u00e9s.<\/p>\n\n\n\n<p>La comp\u00e9tition est ouverte aux r\u00e9alisatrices et r\u00e9alisateurs professionnels ou amateurs pr\u00e9sentant des films produits par des soci\u00e9t\u00e9s de production, associations, \u00e9coles, ou autoproduits. Plusieurs films peuvent \u00eatre pr\u00e9sent\u00e9s par une r\u00e9alisatrice ou un r\u00e9alisateur, mais <strong>un seul pourra \u00eatre s\u00e9lectionn\u00e9<\/strong>.<\/p>\n\n\n\n<p>Le Festival garde son identit\u00e9&nbsp;: <em><strong>\u00ab&nbsp;D\u00e9couvrir des films de qualit\u00e9 et rencontrer celles et ceux qui les font&nbsp;\u00bb<\/strong><\/em>. L\u2019accent sera donc mis \u00e0 nouveau en <strong>2024<\/strong> sur des \u00e9changes entre les \u00e9quipes des films et le public.<\/p>\n\n\n\n<p>Le principe de la rencontre et de l&rsquo;\u00e9change, propre \u00e0 l&rsquo;identit\u00e9 du <strong>Festival Armoricourt<\/strong>, implique <strong>l\u2019engagement formel de la pr\u00e9sence, lors des s\u00e9ances de projection des vendredi 22 et samedi 23 novembre<\/strong>,<strong> d\u2019au moins une personne repr\u00e9sentant l&rsquo;\u00e9quipe du film s\u00e9lectionn\u00e9<\/strong>. Les repr\u00e9sentantes et repr\u00e9sentants des films s\u00e9lectionn\u00e9s devront imp\u00e9rativement <strong>confirmer leur venue<\/strong> \u00e0 la date demand\u00e9e.<\/p>\n\n\n\n<p>Une fois s\u00e9lectionn\u00e9, un film ne peut \u00eatre retir\u00e9 de la comp\u00e9tition (sauf si modification du pr\u00e9sent r\u00e8glement).<\/p>\n\n\n\n<h2 class=\"wp-block-heading\"><strong>Inscription<\/strong><\/h2>\n\n\n\n<p><strong>L\u2019inscription<\/strong> \u00e0 la comp\u00e9tition est ouverte jusqu&rsquo;au <strong>vendredi 31 mai 2024 \u00e0 minuit<\/strong>, derni\u00e8re limite.<\/p>\n\n\n\n<p>Elle se fait<strong> uniquement sur le <a href=\"https:\/\/www.filmfestplatform.com\/#\/home\" target=\"_blank\" rel=\"noreferrer noopener\">site de \u00ab\u00a0FilmFestPlatform\u00a0\u00bb<\/a> : https:\/\/www.filmfestplatform.com\/#\/home<\/strong><\/p>\n\n\n\n<p>Rubrique \u00ab\u00a0Postulez aux Festivals qui vous int\u00e9ressent\u00a0\u00bb. Choisissez \u00ab\u00a0Armoricourt\u00a0\u00bb et renseignez les informations demand\u00e9es.<\/p>\n\n\n\n<p>Pour le visionnage et la s\u00e9lection, le lien internet  vers le film concourant, avec son code d\u2019acc\u00e8s, devront \u00eatre communiqu\u00e9s \u00e0 l\u2019association.<\/p>\n\n\n\n<h2 class=\"wp-block-heading\"><strong>S\u00e9lection des films<\/strong><\/h2>\n\n\n\n<p>Les films sont s\u00e9lectionn\u00e9s au sein de l&rsquo;association par un comit\u00e9 de s\u00e9lection sous la supervision de la personne responsable de l\u2019identit\u00e9 artistique du festival.<\/p>\n\n\n\n<p><strong>La liste compl\u00e8te des films s\u00e9lectionn\u00e9s en comp\u00e9tition sera annonc\u00e9e <\/strong><strong>mi-juillet<\/strong><strong> 2024<\/strong>.<\/p>\n\n\n\n<p>Les films s\u00e9lectionn\u00e9s seront mentionn\u00e9s sur la plateforme \u00e0 la rubrique \u00ab\u00a0s\u00e9lectionn\u00e9\u00a0\u00bb, et les \u00e9quipes seront averties par courriel.<\/p>\n\n\n\n<h2 class=\"wp-block-heading\"><strong>Promotion \/ Exploitation \/ Diffusion<\/strong><\/h2>\n\n\n\n<p>Les films seront libres de droits pour toute la dur\u00e9e du festival. La mise \u00e0 disposition des films s\u00e9lectionn\u00e9s se fait \u00e0 titre gracieux. Aucune s\u00e9lection de film ne permet de pr\u00e9tendre \u00e0 une quelconque r\u00e9mun\u00e9ration pour sa pr\u00e9sence ou pour sa diffusion pendant le festival. Un d\u00e9fraiement forfaitaire par film est cependant pr\u00e9vu (voir \u00a7 suivant).<\/p>\n\n\n\n<p>Le festival n\u2019a aucune responsabilit\u00e9 concernant la d\u00e9claration \u00e0 la SACEM, la SACD ou tout autre organisme collecteur de droits.<\/p>\n\n\n\n<p>Le repr\u00e9sentant de chaque film s\u00e9lectionn\u00e9 se charge de l\u2019envoi du DCP, pour r\u00e9ception au cin\u00e9ma au plus tard le <strong>9 novembre 2024<\/strong>. Le DCP doit \u00eatre envoy\u00e9 au <strong>Cin\u00e9ma Le Douron<\/strong> &#8211; Place de Launceston &#8211; 22310 Plestin-les-Gr\u00e8ves.<\/p>\n\n\n\n<p>Les participantes et participants c\u00e8dent au festival, sans contrepartie, le droit de reproduction des photographies ou des extraits du film pour diffusion \u00e0 but promotionnel dans les publications du festival, sur le site internet de l\u2019association, pour les bandes annonces, dans la presse et sur les m\u00e9dias partenaires.<\/p>\n\n\n\n<p>Ce sont les membres de l&rsquo;association Armoricourt qui d\u00e9terminent l\u2019ordre de passage et la date de projection de chacun des films s\u00e9lectionn\u00e9s. Ce choix ne pourra faire l\u2019objet d\u2019aucune contestation.<\/p>\n\n\n\n<h2 class=\"wp-block-heading\"><strong>Repr\u00e9sentation et participation de l\u2019\u00e9quipe<\/strong><\/h2>\n\n\n\n<p>Pour la venue au Festival des personnes repr\u00e9sentant un film, un d\u00e9fraiement forfaitaire et global de <strong>150 \u20ac<\/strong> par film est pr\u00e9vu.<\/p>\n\n\n\n<p>Un logement sur place pour 2 personnes (ou 3 en fonction des disponibilit\u00e9s) est assur\u00e9 par l\u2019organisation du festival.<\/p>\n\n\n\n<p>Les \u00e9changes entre les \u00e9quipes du film et le public, les journalistes et les professionnels, se feront \u00e0 la suite de chaque projection de film (dur\u00e9e max du d\u00e9bat : 25 minutes), uniquement lors des s\u00e9ances du vendredi 22\/11 et du samedi 23\/11. Ces \u00e9changes seront anim\u00e9s par une ou des personnes choisies par Armoricourt et des captations vid\u00e9o pourront \u00eatre faites.<\/p>\n\n\n\n<p>Armoricourt se r\u00e9serve \u00e9galement le droit de r\u00e9utiliser des extraits de ces captations pour la communication du Festival.<\/p>\n\n\n\n<h2 class=\"wp-block-heading\"><strong>Prix<\/strong><\/h2>\n\n\n\n<p>Un <strong>prix<\/strong> sera d\u00e9cern\u00e9 par une invit\u00e9e ou un <strong>invit\u00e9 d&rsquo;honneur<\/strong> reconnu(e) dans un domaine artistique, cin\u00e9matographique ou autre.<\/p>\n\n\n\n<p>Un second <strong>prix<\/strong> dit \u00ab&nbsp;<strong>du public<\/strong>&nbsp;\u00bb sera attribu\u00e9 par bulletin de vote parmi les spectateurs et spectatrices ayant assist\u00e9 \u00e0 <span style=\"text-decoration: underline;\">toutes les s\u00e9ances de la comp\u00e9tition<\/span>.<\/p>\n\n\n\n<p>Un troisi\u00e8me prix, le <strong>prix Armoricourt<\/strong>, sera d\u00e9cern\u00e9 par les membres de l&rsquo;association Armoricourt.<\/p>\n\n\n\n<h2 class=\"wp-block-heading\"><strong>Clauses finales, litiges, contestations<\/strong><\/h2>\n\n\n\n<p>L\u2019inscription et la participation impliquent l\u2019acceptation et le respect sans r\u00e9serve du pr\u00e9sent r\u00e8glement.<\/p>\n\n\n\n<p>Le non-respect de ce r\u00e8glement entra\u00eenera l\u2019\u00e9limination du film \u00e0 tout moment du festival.<\/p>\n\n\n\n<p>L&rsquo;\u00e9quipe organisatrice du festival d\u00e9cline toute responsabilit\u00e9 en cas de perte, de vol ou de d\u00e9gradation du mat\u00e9riel fourni. Il appartient donc aux int\u00e9ress\u00e9(e)s de souscrire \u00e9ventuellement une assurance individuelle.<\/p>\n\n\n\n<p>Le festival se r\u00e9serve le droit de modifier le pr\u00e9sent r\u00e8glement en raison de tout \u00e9v\u00e9nement ind\u00e9pendant de sa volont\u00e9. En cas de modification du r\u00e8glement, les \u00e9quipes des films s\u00e9lectionn\u00e9s seront averties et pourront exercer leur droit de retrait de la comp\u00e9tition si les nouvelles conditions ne leur conviennent pas.<\/p>\n","protected":false},"excerpt":{"rendered":"<p>Voici le r\u00e8glement pour concourir \u00e0 la prochaine \u00e9dition du Festival Armoricourt La version en pdf t\u00e9l\u00e9chargeable et imprimable du r\u00e8glement est accessible ci-apr\u00e8s : Le Festival Le Festival Armoricourt est organis\u00e9 par l\u2019association Armoricourt, sise \u00e0 Plestin-les-Gr\u00e8ves (22310) dans les C\u00f4tes d\u2019Armor en Bretagne. La 16e \u00e9dition aura lieu les 21 et 23 novembre [&hellip;]<\/p>\n","protected":false},"author":4,"featured_media":0,"parent":10032,"menu_order":0,"comment_status":"closed","ping_status":"closed","template":"","meta":{"ocean_post_layout":"","ocean_both_sidebars_style":"","ocean_both_sidebars_content_width":0,"ocean_both_sidebars_sidebars_width":0,"ocean_sidebar":"","ocean_second_sidebar":"","ocean_disable_margins":"enable","ocean_add_body_class":"","ocean_shortcode_before_top_bar":"","ocean_shortcode_after_top_bar":"","ocean_shortcode_before_header":"","ocean_shortcode_after_header":"","ocean_has_shortcode":"","ocean_shortcode_after_title":"","ocean_shortcode_before_footer_widgets":"","ocean_shortcode_after_footer_widgets":"","ocean_shortcode_before_footer_bottom":"","ocean_shortcode_after_footer_bottom":"","ocean_display_top_bar":"default","ocean_display_header":"default","ocean_header_style":"","ocean_center_header_left_menu":"","ocean_custom_header_template":"","ocean_custom_logo":0,"ocean_custom_retina_logo":0,"ocean_custom_logo_max_width":0,"ocean_custom_logo_tablet_max_width":0,"ocean_custom_logo_mobile_max_width":0,"ocean_custom_logo_max_height":0,"ocean_custom_logo_tablet_max_height":0,"ocean_custom_logo_mobile_max_height":0,"ocean_header_custom_menu":"","ocean_menu_typo_font_family":"","ocean_menu_typo_font_subset":"","ocean_menu_typo_font_size":0,"ocean_menu_typo_font_size_tablet":0,"ocean_menu_typo_font_size_mobile":0,"ocean_menu_typo_font_size_unit":"px","ocean_menu_typo_font_weight":"","ocean_menu_typo_font_weight_tablet":"","ocean_menu_typo_font_weight_mobile":"","ocean_menu_typo_transform":"","ocean_menu_typo_transform_tablet":"","ocean_menu_typo_transform_mobile":"","ocean_menu_typo_line_height":0,"ocean_menu_typo_line_height_tablet":0,"ocean_menu_typo_line_height_mobile":0,"ocean_menu_typo_line_height_unit":"","ocean_menu_typo_spacing":0,"ocean_menu_typo_spacing_tablet":0,"ocean_menu_typo_spacing_mobile":0,"ocean_menu_typo_spacing_unit":"","ocean_menu_link_color":"","ocean_menu_link_color_hover":"","ocean_menu_link_color_active":"","ocean_menu_link_background":"","ocean_menu_link_hover_background":"","ocean_menu_link_active_background":"","ocean_menu_social_links_bg":"","ocean_menu_social_hover_links_bg":"","ocean_menu_social_links_color":"","ocean_menu_social_hover_links_color":"","ocean_disable_title":"default","ocean_disable_heading":"default","ocean_post_title":"","ocean_post_subheading":"","ocean_post_title_style":"","ocean_post_title_background_color":"","ocean_post_title_background":0,"ocean_post_title_bg_image_position":"","ocean_post_title_bg_image_attachment":"","ocean_post_title_bg_image_repeat":"","ocean_post_title_bg_image_size":"","ocean_post_title_height":0,"ocean_post_title_bg_overlay":0.5,"ocean_post_title_bg_overlay_color":"","ocean_disable_breadcrumbs":"default","ocean_breadcrumbs_color":"","ocean_breadcrumbs_separator_color":"","ocean_breadcrumbs_links_color":"","ocean_breadcrumbs_links_hover_color":"","ocean_display_footer_widgets":"default","ocean_display_footer_bottom":"default","ocean_custom_footer_template":"","footnotes":""},"class_list":["post-10031","page","type-page","status-publish","hentry","entry"],"yoast_head":"<!-- This site is optimized with the Yoast SEO plugin v27.0 - https:\/\/yoast.com\/product\/yoast-seo-wordpress\/ -->\n<title>FESTIVAL ARMORICOURT #16 - LE REGLEMENT - Festival Armoricourt<\/title>\n<meta name=\"robots\" content=\"index, follow, max-snippet:-1, max-image-preview:large, max-video-preview:-1\" \/>\n<link rel=\"canonical\" href=\"https:\/\/festival-armoricourt.com\/index.php\/edition-16-2024\/festival-armoricourt-16-le-reglement\/\" \/>\n<meta property=\"og:locale\" content=\"fr_FR\" \/>\n<meta property=\"og:type\" content=\"article\" \/>\n<meta property=\"og:title\" content=\"FESTIVAL ARMORICOURT #16 - LE REGLEMENT - Festival Armoricourt\" \/>\n<meta property=\"og:description\" content=\"Voici le r\u00e8glement pour concourir \u00e0 la prochaine \u00e9dition du Festival Armoricourt La version en pdf t\u00e9l\u00e9chargeable et imprimable du r\u00e8glement est accessible ci-apr\u00e8s : Le Festival Le Festival Armoricourt est organis\u00e9 par l\u2019association Armoricourt, sise \u00e0 Plestin-les-Gr\u00e8ves (22310) dans les C\u00f4tes d\u2019Armor en Bretagne. La 16e \u00e9dition aura lieu les 21 et 23 novembre [&hellip;]\" \/>\n<meta property=\"og:url\" content=\"https:\/\/festival-armoricourt.com\/index.php\/edition-16-2024\/festival-armoricourt-16-le-reglement\/\" \/>\n<meta property=\"og:site_name\" content=\"Festival Armoricourt\" \/>\n<meta property=\"article:publisher\" content=\"https:\/\/www.facebook.com\/armoricourt\" \/>\n<meta property=\"article:modified_time\" content=\"2024-09-09T05:39:08+00:00\" \/>\n<meta property=\"og:image\" content=\"https:\/\/www.festival-armoricourt.com\/wp-content\/uploads\/2024\/01\/gendarme-clipart-14r.jpg\" \/>\n<meta name=\"twitter:card\" content=\"summary_large_image\" \/>\n<meta name=\"twitter:label1\" content=\"Dur\u00e9e de lecture estim\u00e9e\" \/>\n\t<meta name=\"twitter:data1\" content=\"5 minutes\" \/>\n<script type=\"application\/ld+json\" class=\"yoast-schema-graph\">{\"@context\":\"https:\/\/schema.org\",\"@graph\":[{\"@type\":\"WebPage\",\"@id\":\"https:\/\/festival-armoricourt.com\/index.php\/edition-16-2024\/festival-armoricourt-16-le-reglement\/\",\"url\":\"https:\/\/festival-armoricourt.com\/index.php\/edition-16-2024\/festival-armoricourt-16-le-reglement\/\",\"name\":\"FESTIVAL ARMORICOURT #16 - LE REGLEMENT - Festival Armoricourt\",\"isPartOf\":{\"@id\":\"https:\/\/festival-armoricourt.com\/#website\"},\"primaryImageOfPage\":{\"@id\":\"https:\/\/festival-armoricourt.com\/index.php\/edition-16-2024\/festival-armoricourt-16-le-reglement\/#primaryimage\"},\"image\":{\"@id\":\"https:\/\/festival-armoricourt.com\/index.php\/edition-16-2024\/festival-armoricourt-16-le-reglement\/#primaryimage\"},\"thumbnailUrl\":\"https:\/\/www.festival-armoricourt.com\/wp-content\/uploads\/2024\/01\/gendarme-clipart-14r.jpg\",\"datePublished\":\"2024-01-26T22:15:42+00:00\",\"dateModified\":\"2024-09-09T05:39:08+00:00\",\"breadcrumb\":{\"@id\":\"https:\/\/festival-armoricourt.com\/index.php\/edition-16-2024\/festival-armoricourt-16-le-reglement\/#breadcrumb\"},\"inLanguage\":\"fr-FR\",\"potentialAction\":[{\"@type\":\"ReadAction\",\"target\":[\"https:\/\/festival-armoricourt.com\/index.php\/edition-16-2024\/festival-armoricourt-16-le-reglement\/\"]}]},{\"@type\":\"ImageObject\",\"inLanguage\":\"fr-FR\",\"@id\":\"https:\/\/festival-armoricourt.com\/index.php\/edition-16-2024\/festival-armoricourt-16-le-reglement\/#primaryimage\",\"url\":\"https:\/\/www.festival-armoricourt.com\/wp-content\/uploads\/2024\/01\/gendarme-clipart-14r.jpg\",\"contentUrl\":\"https:\/\/www.festival-armoricourt.com\/wp-content\/uploads\/2024\/01\/gendarme-clipart-14r.jpg\"},{\"@type\":\"BreadcrumbList\",\"@id\":\"https:\/\/festival-armoricourt.com\/index.php\/edition-16-2024\/festival-armoricourt-16-le-reglement\/#breadcrumb\",\"itemListElement\":[{\"@type\":\"ListItem\",\"position\":1,\"name\":\"Accueil\",\"item\":\"https:\/\/festival-armoricourt.com\/\"},{\"@type\":\"ListItem\",\"position\":2,\"name\":\"EDITION 16 &#8211; 2024\",\"item\":\"https:\/\/festival-armoricourt.com\/index.php\/edition-16-2024\/\"},{\"@type\":\"ListItem\",\"position\":3,\"name\":\"FESTIVAL ARMORICOURT #16 &#8211; LE REGLEMENT\"}]},{\"@type\":\"WebSite\",\"@id\":\"https:\/\/festival-armoricourt.com\/#website\",\"url\":\"https:\/\/festival-armoricourt.com\/\",\"name\":\"Festival Armoricourt\",\"description\":\"Decouvrir des courts m\u00e9trages de qualit\u00e9, et rencontrer ceux qui les font\",\"publisher\":{\"@id\":\"https:\/\/festival-armoricourt.com\/#organization\"},\"potentialAction\":[{\"@type\":\"SearchAction\",\"target\":{\"@type\":\"EntryPoint\",\"urlTemplate\":\"https:\/\/festival-armoricourt.com\/?s={search_term_string}\"},\"query-input\":{\"@type\":\"PropertyValueSpecification\",\"valueRequired\":true,\"valueName\":\"search_term_string\"}}],\"inLanguage\":\"fr-FR\"},{\"@type\":\"Organization\",\"@id\":\"https:\/\/festival-armoricourt.com\/#organization\",\"name\":\"Armoricourt\",\"url\":\"https:\/\/festival-armoricourt.com\/\",\"logo\":{\"@type\":\"ImageObject\",\"inLanguage\":\"fr-FR\",\"@id\":\"https:\/\/festival-armoricourt.com\/#\/schema\/logo\/image\/\",\"url\":\"https:\/\/festival-armoricourt.com\/wp-content\/uploads\/2023\/10\/cropped-2023-logo-armoricourt-1280.jpg\",\"contentUrl\":\"https:\/\/festival-armoricourt.com\/wp-content\/uploads\/2023\/10\/cropped-2023-logo-armoricourt-1280.jpg\",\"width\":1280,\"height\":351,\"caption\":\"Armoricourt\"},\"image\":{\"@id\":\"https:\/\/festival-armoricourt.com\/#\/schema\/logo\/image\/\"},\"sameAs\":[\"https:\/\/www.facebook.com\/armoricourt\"]}]}<\/script>\n<!-- \/ Yoast SEO plugin. -->","yoast_head_json":{"title":"FESTIVAL ARMORICOURT #16 - LE REGLEMENT - Festival Armoricourt","robots":{"index":"index","follow":"follow","max-snippet":"max-snippet:-1","max-image-preview":"max-image-preview:large","max-video-preview":"max-video-preview:-1"},"canonical":"https:\/\/festival-armoricourt.com\/index.php\/edition-16-2024\/festival-armoricourt-16-le-reglement\/","og_locale":"fr_FR","og_type":"article","og_title":"FESTIVAL ARMORICOURT #16 - LE REGLEMENT - Festival Armoricourt","og_description":"Voici le r\u00e8glement pour concourir \u00e0 la prochaine \u00e9dition du Festival Armoricourt La version en pdf t\u00e9l\u00e9chargeable et imprimable du r\u00e8glement est accessible ci-apr\u00e8s : Le Festival Le Festival Armoricourt est organis\u00e9 par l\u2019association Armoricourt, sise \u00e0 Plestin-les-Gr\u00e8ves (22310) dans les C\u00f4tes d\u2019Armor en Bretagne. La 16e \u00e9dition aura lieu les 21 et 23 novembre [&hellip;]","og_url":"https:\/\/festival-armoricourt.com\/index.php\/edition-16-2024\/festival-armoricourt-16-le-reglement\/","og_site_name":"Festival Armoricourt","article_publisher":"https:\/\/www.facebook.com\/armoricourt","article_modified_time":"2024-09-09T05:39:08+00:00","og_image":[{"url":"https:\/\/www.festival-armoricourt.com\/wp-content\/uploads\/2024\/01\/gendarme-clipart-14r.jpg","type":"","width":"","height":""}],"twitter_card":"summary_large_image","twitter_misc":{"Dur\u00e9e de lecture estim\u00e9e":"5 minutes"},"schema":{"@context":"https:\/\/schema.org","@graph":[{"@type":"WebPage","@id":"https:\/\/festival-armoricourt.com\/index.php\/edition-16-2024\/festival-armoricourt-16-le-reglement\/","url":"https:\/\/festival-armoricourt.com\/index.php\/edition-16-2024\/festival-armoricourt-16-le-reglement\/","name":"FESTIVAL ARMORICOURT #16 - LE REGLEMENT - Festival Armoricourt","isPartOf":{"@id":"https:\/\/festival-armoricourt.com\/#website"},"primaryImageOfPage":{"@id":"https:\/\/festival-armoricourt.com\/index.php\/edition-16-2024\/festival-armoricourt-16-le-reglement\/#primaryimage"},"image":{"@id":"https:\/\/festival-armoricourt.com\/index.php\/edition-16-2024\/festival-armoricourt-16-le-reglement\/#primaryimage"},"thumbnailUrl":"https:\/\/www.festival-armoricourt.com\/wp-content\/uploads\/2024\/01\/gendarme-clipart-14r.jpg","datePublished":"2024-01-26T22:15:42+00:00","dateModified":"2024-09-09T05:39:08+00:00","breadcrumb":{"@id":"https:\/\/festival-armoricourt.com\/index.php\/edition-16-2024\/festival-armoricourt-16-le-reglement\/#breadcrumb"},"inLanguage":"fr-FR","potentialAction":[{"@type":"ReadAction","target":["https:\/\/festival-armoricourt.com\/index.php\/edition-16-2024\/festival-armoricourt-16-le-reglement\/"]}]},{"@type":"ImageObject","inLanguage":"fr-FR","@id":"https:\/\/festival-armoricourt.com\/index.php\/edition-16-2024\/festival-armoricourt-16-le-reglement\/#primaryimage","url":"https:\/\/www.festival-armoricourt.com\/wp-content\/uploads\/2024\/01\/gendarme-clipart-14r.jpg","contentUrl":"https:\/\/www.festival-armoricourt.com\/wp-content\/uploads\/2024\/01\/gendarme-clipart-14r.jpg"},{"@type":"BreadcrumbList","@id":"https:\/\/festival-armoricourt.com\/index.php\/edition-16-2024\/festival-armoricourt-16-le-reglement\/#breadcrumb","itemListElement":[{"@type":"ListItem","position":1,"name":"Accueil","item":"https:\/\/festival-armoricourt.com\/"},{"@type":"ListItem","position":2,"name":"EDITION 16 &#8211; 2024","item":"https:\/\/festival-armoricourt.com\/index.php\/edition-16-2024\/"},{"@type":"ListItem","position":3,"name":"FESTIVAL ARMORICOURT #16 &#8211; LE REGLEMENT"}]},{"@type":"WebSite","@id":"https:\/\/festival-armoricourt.com\/#website","url":"https:\/\/festival-armoricourt.com\/","name":"Festival Armoricourt","description":"Decouvrir des courts m\u00e9trages de qualit\u00e9, et rencontrer ceux qui les font","publisher":{"@id":"https:\/\/festival-armoricourt.com\/#organization"},"potentialAction":[{"@type":"SearchAction","target":{"@type":"EntryPoint","urlTemplate":"https:\/\/festival-armoricourt.com\/?s={search_term_string}"},"query-input":{"@type":"PropertyValueSpecification","valueRequired":true,"valueName":"search_term_string"}}],"inLanguage":"fr-FR"},{"@type":"Organization","@id":"https:\/\/festival-armoricourt.com\/#organization","name":"Armoricourt","url":"https:\/\/festival-armoricourt.com\/","logo":{"@type":"ImageObject","inLanguage":"fr-FR","@id":"https:\/\/festival-armoricourt.com\/#\/schema\/logo\/image\/","url":"https:\/\/festival-armoricourt.com\/wp-content\/uploads\/2023\/10\/cropped-2023-logo-armoricourt-1280.jpg","contentUrl":"https:\/\/festival-armoricourt.com\/wp-content\/uploads\/2023\/10\/cropped-2023-logo-armoricourt-1280.jpg","width":1280,"height":351,"caption":"Armoricourt"},"image":{"@id":"https:\/\/festival-armoricourt.com\/#\/schema\/logo\/image\/"},"sameAs":["https:\/\/www.facebook.com\/armoricourt"]}]}},"_links":{"self":[{"href":"https:\/\/festival-armoricourt.com\/index.php\/wp-json\/wp\/v2\/pages\/10031","targetHints":{"allow":["GET"]}}],"collection":[{"href":"https:\/\/festival-armoricourt.com\/index.php\/wp-json\/wp\/v2\/pages"}],"about":[{"href":"https:\/\/festival-armoricourt.com\/index.php\/wp-json\/wp\/v2\/types\/page"}],"author":[{"embeddable":true,"href":"https:\/\/festival-armoricourt.com\/index.php\/wp-json\/wp\/v2\/users\/4"}],"replies":[{"embeddable":true,"href":"https:\/\/festival-armoricourt.com\/index.php\/wp-json\/wp\/v2\/comments?post=10031"}],"version-history":[{"count":3,"href":"https:\/\/festival-armoricourt.com\/index.php\/wp-json\/wp\/v2\/pages\/10031\/revisions"}],"predecessor-version":[{"id":10228,"href":"https:\/\/festival-armoricourt.com\/index.php\/wp-json\/wp\/v2\/pages\/10031\/revisions\/10228"}],"up":[{"embeddable":true,"href":"https:\/\/festival-armoricourt.com\/index.php\/wp-json\/wp\/v2\/pages\/10032"}],"wp:attachment":[{"href":"https:\/\/festival-armoricourt.com\/index.php\/wp-json\/wp\/v2\/media?parent=10031"}],"curies":[{"name":"wp","href":"https:\/\/api.w.org\/{rel}","templated":true}]}}