{"id":10030,"date":"2024-01-11T02:56:56","date_gmt":"2024-01-11T01:56:56","guid":{"rendered":"https:\/\/www.festival-armoricourt.com\/?page_id=6800"},"modified":"2024-02-15T18:18:52","modified_gmt":"2024-02-15T17:18:52","slug":"galerie-photo-festival-15","status":"publish","type":"page","link":"https:\/\/festival-armoricourt.com\/index.php\/les-editions-precedentes\/edition-15-2023\/galerie-photo-festival-15\/","title":{"rendered":"GALERIE PHOTO FESTIVAL #15"},"content":{"rendered":"\n<p>Quelques photos souvenir de la <strong>15e \u00e9dition du Festival Armoricourt<\/strong> qui s&rsquo;est tenue, pour la partie comp\u00e9tition, les 17 et 18 novembre 2023 au <strong>Cin\u00e9ma Le Douron<\/strong>, \u00e0 Plestin-les-Gr\u00e8ves (22 &#8211; C\u00f4tes d&rsquo;Armor) en pr\u00e9sence de l&rsquo;invit\u00e9 d&rsquo;honneur, <strong>R\u00e9gis Roinsard<\/strong>, r\u00e9alisateur cin\u00e9ma.<\/p>\n\n\n\n<p>Les photographies de cette galerie ont \u00e9t\u00e9 prises par Armelle Trentesaux, Laurent Latouche et Jean-Dominique Gauthier<\/p>\n\n\n\n<h2 class=\"wp-block-heading\">S\u00e9ance du vendredi 17 novembre<\/h2>\n\n\n\n<figure class=\"wp-block-gallery has-nested-images columns-default is-cropped wp-block-gallery-1 is-layout-flex wp-block-gallery-is-layout-flex\">\n<figure class=\"wp-block-image size-large\"><a href=\"https:\/\/www.festival-armoricourt.com\/wp-content\/uploads\/2024\/01\/01-regis-herve-sylvie.jpg\"><img decoding=\"async\" data-id=\"6801\" src=\"https:\/\/www.festival-armoricourt.com\/wp-content\/uploads\/2024\/01\/01-regis-herve-sylvie.jpg\" alt=\"\" class=\"wp-image-6801\"\/><\/a><\/figure>\n\n\n\n<figure class=\"wp-block-image size-large\"><a href=\"https:\/\/www.festival-armoricourt.com\/wp-content\/uploads\/2024\/01\/02-regis-herve-sylvie.jpg\"><img decoding=\"async\" data-id=\"6811\" src=\"https:\/\/www.festival-armoricourt.com\/wp-content\/uploads\/2024\/01\/02-regis-herve-sylvie.jpg\" alt=\"\" class=\"wp-image-6811\"\/><\/a><\/figure>\n\n\n\n<figure class=\"wp-block-image size-large\"><a href=\"https:\/\/www.festival-armoricourt.com\/wp-content\/uploads\/2024\/01\/03-herve.jpg\"><img decoding=\"async\" data-id=\"6812\" src=\"https:\/\/www.festival-armoricourt.com\/wp-content\/uploads\/2024\/01\/03-herve.jpg\" alt=\"\" class=\"wp-image-6812\"\/><\/a><\/figure>\n\n\n\n<figure class=\"wp-block-image size-large\"><a href=\"https:\/\/www.festival-armoricourt.com\/wp-content\/uploads\/2024\/01\/04-herve-regis.jpg\"><img decoding=\"async\" data-id=\"6802\" src=\"https:\/\/www.festival-armoricourt.com\/wp-content\/uploads\/2024\/01\/04-herve-regis.jpg\" alt=\"\" class=\"wp-image-6802\"\/><\/a><\/figure>\n\n\n\n<figure class=\"wp-block-image size-large\"><a href=\"https:\/\/www.festival-armoricourt.com\/wp-content\/uploads\/2024\/01\/06-herve-sylvie-regis.jpg\"><img decoding=\"async\" data-id=\"6807\" src=\"https:\/\/www.festival-armoricourt.com\/wp-content\/uploads\/2024\/01\/06-herve-sylvie-regis.jpg\" alt=\"\" class=\"wp-image-6807\"\/><\/a><\/figure>\n\n\n\n<figure class=\"wp-block-image size-large\"><a href=\"https:\/\/www.festival-armoricourt.com\/wp-content\/uploads\/2024\/01\/07-laure.jpg\"><img decoding=\"async\" data-id=\"6803\" src=\"https:\/\/www.festival-armoricourt.com\/wp-content\/uploads\/2024\/01\/07-laure.jpg\" alt=\"\" class=\"wp-image-6803\"\/><\/a><\/figure>\n\n\n\n<figure class=\"wp-block-image size-large\"><a href=\"https:\/\/www.festival-armoricourt.com\/wp-content\/uploads\/2024\/01\/08-laure.jpg\"><img decoding=\"async\" data-id=\"6806\" src=\"https:\/\/www.festival-armoricourt.com\/wp-content\/uploads\/2024\/01\/08-laure.jpg\" alt=\"\" class=\"wp-image-6806\"\/><\/a><\/figure>\n\n\n\n<figure class=\"wp-block-image size-large\"><a href=\"https:\/\/www.festival-armoricourt.com\/wp-content\/uploads\/2024\/01\/09-mathieu-lienard.jpg\"><img decoding=\"async\" data-id=\"6814\" src=\"https:\/\/www.festival-armoricourt.com\/wp-content\/uploads\/2024\/01\/09-mathieu-lienard.jpg\" alt=\"\" class=\"wp-image-6814\"\/><\/a><\/figure>\n\n\n\n<figure class=\"wp-block-image size-large\"><a href=\"https:\/\/www.festival-armoricourt.com\/wp-content\/uploads\/2024\/01\/10-mathieu-lienard.jpg\"><img decoding=\"async\" data-id=\"6808\" src=\"https:\/\/www.festival-armoricourt.com\/wp-content\/uploads\/2024\/01\/10-mathieu-lienard.jpg\" alt=\"\" class=\"wp-image-6808\"\/><\/a><\/figure>\n\n\n\n<figure class=\"wp-block-image size-large\"><a href=\"https:\/\/www.festival-armoricourt.com\/wp-content\/uploads\/2024\/01\/11-mathieu-lienard.jpg\"><img decoding=\"async\" data-id=\"6804\" src=\"https:\/\/www.festival-armoricourt.com\/wp-content\/uploads\/2024\/01\/11-mathieu-lienard.jpg\" alt=\"\" class=\"wp-image-6804\"\/><\/a><\/figure>\n\n\n\n<figure class=\"wp-block-image size-large\"><a href=\"https:\/\/www.festival-armoricourt.com\/wp-content\/uploads\/2024\/01\/12-mathieu-lienard.jpg\"><img decoding=\"async\" data-id=\"6805\" src=\"https:\/\/www.festival-armoricourt.com\/wp-content\/uploads\/2024\/01\/12-mathieu-lienard.jpg\" alt=\"\" class=\"wp-image-6805\"\/><\/a><\/figure>\n\n\n\n<figure class=\"wp-block-image size-large\"><a href=\"https:\/\/www.festival-armoricourt.com\/wp-content\/uploads\/2024\/01\/14-public-question.jpg\"><img decoding=\"async\" data-id=\"6813\" src=\"https:\/\/www.festival-armoricourt.com\/wp-content\/uploads\/2024\/01\/14-public-question.jpg\" alt=\"\" class=\"wp-image-6813\"\/><\/a><\/figure>\n\n\n\n<figure class=\"wp-block-image size-large\"><a href=\"https:\/\/www.festival-armoricourt.com\/wp-content\/uploads\/2024\/01\/15-olivier-escalon.jpg\"><img decoding=\"async\" data-id=\"6809\" src=\"https:\/\/www.festival-armoricourt.com\/wp-content\/uploads\/2024\/01\/15-olivier-escalon.jpg\" alt=\"\" class=\"wp-image-6809\"\/><\/a><\/figure>\n\n\n\n<figure class=\"wp-block-image size-large\"><a href=\"https:\/\/www.festival-armoricourt.com\/wp-content\/uploads\/2024\/01\/16-effondree.jpg\"><img decoding=\"async\" data-id=\"6810\" src=\"https:\/\/www.festival-armoricourt.com\/wp-content\/uploads\/2024\/01\/16-effondree.jpg\" alt=\"\" class=\"wp-image-6810\"\/><\/a><\/figure>\n<\/figure>\n\n\n\n<p><\/p>\n\n\n\n<h2 class=\"wp-block-heading\">S\u00e9ance du samedi 18 novembre apr\u00e8s-midi<\/h2>\n\n\n\n<figure class=\"wp-block-gallery has-nested-images columns-default is-cropped wp-block-gallery-2 is-layout-flex wp-block-gallery-is-layout-flex\">\n<figure class=\"wp-block-image size-full\"><a href=\"https:\/\/www.festival-armoricourt.com\/wp-content\/uploads\/2024\/01\/01-facade-cinema-2.jpg\"><img decoding=\"async\" data-id=\"6869\" src=\"https:\/\/www.festival-armoricourt.com\/wp-content\/uploads\/2024\/01\/01-facade-cinema-2.jpg\" alt=\"\" class=\"wp-image-6869\"\/><\/a><\/figure>\n\n\n\n<figure class=\"wp-block-image size-full\"><a href=\"https:\/\/www.festival-armoricourt.com\/wp-content\/uploads\/2024\/01\/02-entree-cinema-2.jpg\"><img decoding=\"async\" data-id=\"6870\" src=\"https:\/\/www.festival-armoricourt.com\/wp-content\/uploads\/2024\/01\/02-entree-cinema-2.jpg\" alt=\"\" class=\"wp-image-6870\"\/><\/a><\/figure>\n\n\n\n<figure class=\"wp-block-image size-full\"><a href=\"https:\/\/www.festival-armoricourt.com\/wp-content\/uploads\/2024\/01\/03-hall-cinema-2.jpg\"><img decoding=\"async\" data-id=\"6879\" src=\"https:\/\/www.festival-armoricourt.com\/wp-content\/uploads\/2024\/01\/03-hall-cinema-2.jpg\" alt=\"\" class=\"wp-image-6879\"\/><\/a><\/figure>\n\n\n\n<figure class=\"wp-block-image size-full\"><a href=\"https:\/\/www.festival-armoricourt.com\/wp-content\/uploads\/2024\/01\/05-presentation.jpg\"><img decoding=\"async\" data-id=\"6875\" src=\"https:\/\/www.festival-armoricourt.com\/wp-content\/uploads\/2024\/01\/05-presentation.jpg\" alt=\"\" class=\"wp-image-6875\"\/><\/a><\/figure>\n\n\n\n<figure class=\"wp-block-image size-full\"><a href=\"https:\/\/www.festival-armoricourt.com\/wp-content\/uploads\/2024\/01\/06-panneaux1.jpg\"><img decoding=\"async\" data-id=\"6877\" src=\"https:\/\/www.festival-armoricourt.com\/wp-content\/uploads\/2024\/01\/06-panneaux1.jpg\" alt=\"\" class=\"wp-image-6877\"\/><\/a><\/figure>\n\n\n\n<figure class=\"wp-block-image size-full\"><a href=\"https:\/\/www.festival-armoricourt.com\/wp-content\/uploads\/2024\/01\/07-panneaux2.jpg\"><img decoding=\"async\" data-id=\"6874\" src=\"https:\/\/www.festival-armoricourt.com\/wp-content\/uploads\/2024\/01\/07-panneaux2.jpg\" alt=\"\" class=\"wp-image-6874\"\/><\/a><\/figure>\n\n\n\n<figure class=\"wp-block-image size-full\"><a href=\"https:\/\/www.festival-armoricourt.com\/wp-content\/uploads\/2024\/01\/07-regis-herve-sylvie.jpg\"><img decoding=\"async\" data-id=\"6876\" src=\"https:\/\/www.festival-armoricourt.com\/wp-content\/uploads\/2024\/01\/07-regis-herve-sylvie.jpg\" alt=\"\" class=\"wp-image-6876\"\/><\/a><\/figure>\n\n\n\n<figure class=\"wp-block-image size-full\"><a href=\"https:\/\/www.festival-armoricourt.com\/wp-content\/uploads\/2024\/01\/08-kevin-favillier.jpg\"><img decoding=\"async\" data-id=\"6885\" src=\"https:\/\/www.festival-armoricourt.com\/wp-content\/uploads\/2024\/01\/08-kevin-favillier.jpg\" alt=\"\" class=\"wp-image-6885\"\/><\/a><\/figure>\n\n\n\n<figure class=\"wp-block-image size-full\"><a href=\"https:\/\/www.festival-armoricourt.com\/wp-content\/uploads\/2024\/01\/09-kevin-favillier.jpg\"><img decoding=\"async\" data-id=\"6886\" src=\"https:\/\/www.festival-armoricourt.com\/wp-content\/uploads\/2024\/01\/09-kevin-favillier.jpg\" alt=\"\" class=\"wp-image-6886\"\/><\/a><\/figure>\n\n\n\n<figure class=\"wp-block-image size-full\"><a href=\"https:\/\/www.festival-armoricourt.com\/wp-content\/uploads\/2024\/01\/10-legio-patria-nostra-acteur1.jpg\"><img decoding=\"async\" data-id=\"6887\" src=\"https:\/\/www.festival-armoricourt.com\/wp-content\/uploads\/2024\/01\/10-legio-patria-nostra-acteur1.jpg\" alt=\"\" class=\"wp-image-6887\"\/><\/a><\/figure>\n\n\n\n<figure class=\"wp-block-image size-full\"><a href=\"https:\/\/www.festival-armoricourt.com\/wp-content\/uploads\/2024\/01\/11-public-question-2.jpg\"><img decoding=\"async\" data-id=\"6884\" src=\"https:\/\/www.festival-armoricourt.com\/wp-content\/uploads\/2024\/01\/11-public-question-2.jpg\" alt=\"\" class=\"wp-image-6884\"\/><\/a><\/figure>\n\n\n\n<figure class=\"wp-block-image size-full\"><a href=\"https:\/\/www.festival-armoricourt.com\/wp-content\/uploads\/2024\/01\/12-legio-patria-nostra-rea-2.jpg\"><img decoding=\"async\" data-id=\"6871\" src=\"https:\/\/www.festival-armoricourt.com\/wp-content\/uploads\/2024\/01\/12-legio-patria-nostra-rea-2.jpg\" alt=\"\" class=\"wp-image-6871\"\/><\/a><\/figure>\n\n\n\n<figure class=\"wp-block-image size-full\"><a href=\"https:\/\/www.festival-armoricourt.com\/wp-content\/uploads\/2024\/01\/13-antoine-delelis1-2.jpg\"><img decoding=\"async\" data-id=\"6889\" src=\"https:\/\/www.festival-armoricourt.com\/wp-content\/uploads\/2024\/01\/13-antoine-delelis1-2.jpg\" alt=\"\" class=\"wp-image-6889\"\/><\/a><\/figure>\n\n\n\n<figure class=\"wp-block-image size-full\"><a href=\"https:\/\/www.festival-armoricourt.com\/wp-content\/uploads\/2024\/01\/14-public-question-3.jpg\"><img decoding=\"async\" data-id=\"6878\" src=\"https:\/\/www.festival-armoricourt.com\/wp-content\/uploads\/2024\/01\/14-public-question-3.jpg\" alt=\"\" class=\"wp-image-6878\"\/><\/a><\/figure>\n\n\n\n<figure class=\"wp-block-image size-full\"><a href=\"https:\/\/www.festival-armoricourt.com\/wp-content\/uploads\/2024\/01\/15-antoine-delelis-2.jpg\"><img decoding=\"async\" data-id=\"6873\" src=\"https:\/\/www.festival-armoricourt.com\/wp-content\/uploads\/2024\/01\/15-antoine-delelis-2.jpg\" alt=\"\" class=\"wp-image-6873\"\/><\/a><\/figure>\n\n\n\n<figure class=\"wp-block-image size-full\"><a href=\"https:\/\/www.festival-armoricourt.com\/wp-content\/uploads\/2024\/01\/20-heiremu-pinson-2.jpg\"><img decoding=\"async\" data-id=\"6881\" src=\"https:\/\/www.festival-armoricourt.com\/wp-content\/uploads\/2024\/01\/20-heiremu-pinson-2.jpg\" alt=\"\" class=\"wp-image-6881\"\/><\/a><\/figure>\n\n\n\n<figure class=\"wp-block-image size-full\"><a href=\"https:\/\/www.festival-armoricourt.com\/wp-content\/uploads\/2024\/01\/21-heiremu-pinson-2.jpg\"><img decoding=\"async\" data-id=\"6883\" src=\"https:\/\/www.festival-armoricourt.com\/wp-content\/uploads\/2024\/01\/21-heiremu-pinson-2.jpg\" alt=\"\" class=\"wp-image-6883\"\/><\/a><\/figure>\n\n\n\n<figure class=\"wp-block-image size-full\"><a href=\"https:\/\/www.festival-armoricourt.com\/wp-content\/uploads\/2024\/01\/22-public-question4-1.jpg\"><img decoding=\"async\" data-id=\"6880\" src=\"https:\/\/www.festival-armoricourt.com\/wp-content\/uploads\/2024\/01\/22-public-question4-1.jpg\" alt=\"\" class=\"wp-image-6880\"\/><\/a><\/figure>\n\n\n\n<figure class=\"wp-block-image size-full\"><a href=\"https:\/\/www.festival-armoricourt.com\/wp-content\/uploads\/2024\/01\/23-heiremu-pinson3-laure-2.jpg\"><img decoding=\"async\" data-id=\"6888\" src=\"https:\/\/www.festival-armoricourt.com\/wp-content\/uploads\/2024\/01\/23-heiremu-pinson3-laure-2.jpg\" alt=\"\" class=\"wp-image-6888\"\/><\/a><\/figure>\n\n\n\n<figure class=\"wp-block-image size-full\"><a href=\"https:\/\/www.festival-armoricourt.com\/wp-content\/uploads\/2024\/01\/24-heiremu-pinson-laure-2.jpg\"><img decoding=\"async\" data-id=\"6872\" src=\"https:\/\/www.festival-armoricourt.com\/wp-content\/uploads\/2024\/01\/24-heiremu-pinson-laure-2.jpg\" alt=\"\" class=\"wp-image-6872\"\/><\/a><\/figure>\n\n\n\n<figure class=\"wp-block-image size-full\"><a href=\"https:\/\/www.festival-armoricourt.com\/wp-content\/uploads\/2024\/01\/26-heiremu-pinson-laure-2.jpg\"><img decoding=\"async\" data-id=\"6882\" src=\"https:\/\/www.festival-armoricourt.com\/wp-content\/uploads\/2024\/01\/26-heiremu-pinson-laure-2.jpg\" alt=\"\" class=\"wp-image-6882\"\/><\/a><\/figure>\n<\/figure>\n\n\n\n<p><\/p>\n\n\n\n<h2 class=\"wp-block-heading\">S\u00e9ance du samedi 18 novembre en soir\u00e9e<\/h2>\n\n\n\n<figure class=\"wp-block-gallery has-nested-images columns-default is-cropped wp-block-gallery-3 is-layout-flex wp-block-gallery-is-layout-flex\">\n<figure class=\"wp-block-image size-large\"><a href=\"https:\/\/www.festival-armoricourt.com\/wp-content\/uploads\/2024\/01\/32-projecteur1.jpg\"><img decoding=\"async\" data-id=\"6898\" src=\"https:\/\/www.festival-armoricourt.com\/wp-content\/uploads\/2024\/01\/32-projecteur1.jpg\" alt=\"\" class=\"wp-image-6898\"\/><\/a><\/figure>\n\n\n\n<figure class=\"wp-block-image size-large\"><a href=\"https:\/\/www.festival-armoricourt.com\/wp-content\/uploads\/2024\/01\/33-projecteur2-1.jpg\"><img decoding=\"async\" data-id=\"6902\" src=\"https:\/\/www.festival-armoricourt.com\/wp-content\/uploads\/2024\/01\/33-projecteur2-1.jpg\" alt=\"\" class=\"wp-image-6902\"\/><\/a><\/figure>\n\n\n\n<figure class=\"wp-block-image size-large\"><a href=\"https:\/\/www.festival-armoricourt.com\/wp-content\/uploads\/2024\/01\/35-mairie-discours-1.jpg\"><img decoding=\"async\" data-id=\"6893\" src=\"https:\/\/www.festival-armoricourt.com\/wp-content\/uploads\/2024\/01\/35-mairie-discours-1.jpg\" alt=\"\" class=\"wp-image-6893\"\/><\/a><\/figure>\n\n\n\n<figure class=\"wp-block-image size-large\"><a href=\"https:\/\/www.festival-armoricourt.com\/wp-content\/uploads\/2024\/01\/36-mairie-discours-1.jpg\"><img decoding=\"async\" data-id=\"6897\" src=\"https:\/\/www.festival-armoricourt.com\/wp-content\/uploads\/2024\/01\/36-mairie-discours-1.jpg\" alt=\"\" class=\"wp-image-6897\"\/><\/a><\/figure>\n\n\n\n<figure class=\"wp-block-image size-large\"><a href=\"https:\/\/www.festival-armoricourt.com\/wp-content\/uploads\/2024\/01\/37-mairie-discours3.jpg\"><img decoding=\"async\" data-id=\"6901\" src=\"https:\/\/www.festival-armoricourt.com\/wp-content\/uploads\/2024\/01\/37-mairie-discours3.jpg\" alt=\"\" class=\"wp-image-6901\"\/><\/a><\/figure>\n\n\n\n<figure class=\"wp-block-image size-large\"><a href=\"https:\/\/www.festival-armoricourt.com\/wp-content\/uploads\/2024\/01\/40-yves-hardouin-1.jpg\"><img decoding=\"async\" data-id=\"6890\" src=\"https:\/\/www.festival-armoricourt.com\/wp-content\/uploads\/2024\/01\/40-yves-hardouin-1.jpg\" alt=\"\" class=\"wp-image-6890\"\/><\/a><\/figure>\n\n\n\n<figure class=\"wp-block-image size-large\"><a href=\"https:\/\/www.festival-armoricourt.com\/wp-content\/uploads\/2024\/01\/41-yves-hardouin-1.jpg\"><img decoding=\"async\" data-id=\"6894\" src=\"https:\/\/www.festival-armoricourt.com\/wp-content\/uploads\/2024\/01\/41-yves-hardouin-1.jpg\" alt=\"\" class=\"wp-image-6894\"\/><\/a><\/figure>\n\n\n\n<figure class=\"wp-block-image size-large\"><a href=\"https:\/\/www.festival-armoricourt.com\/wp-content\/uploads\/2024\/01\/42-yves-hardouin-1.jpg\"><img decoding=\"async\" data-id=\"6900\" src=\"https:\/\/www.festival-armoricourt.com\/wp-content\/uploads\/2024\/01\/42-yves-hardouin-1.jpg\" alt=\"\" class=\"wp-image-6900\"\/><\/a><\/figure>\n\n\n\n<figure class=\"wp-block-image size-large\"><a href=\"https:\/\/www.festival-armoricourt.com\/wp-content\/uploads\/2024\/01\/43-yves-hardouin.jpg\"><img decoding=\"async\" data-id=\"6895\" src=\"https:\/\/www.festival-armoricourt.com\/wp-content\/uploads\/2024\/01\/43-yves-hardouin.jpg\" alt=\"\" class=\"wp-image-6895\"\/><\/a><\/figure>\n\n\n\n<figure class=\"wp-block-image size-large\"><a href=\"https:\/\/www.festival-armoricourt.com\/wp-content\/uploads\/2024\/01\/50-leslie-lagier-1.jpg\"><img decoding=\"async\" data-id=\"6903\" src=\"https:\/\/www.festival-armoricourt.com\/wp-content\/uploads\/2024\/01\/50-leslie-lagier-1.jpg\" alt=\"\" class=\"wp-image-6903\"\/><\/a><\/figure>\n\n\n\n<figure class=\"wp-block-image size-large\"><a href=\"https:\/\/www.festival-armoricourt.com\/wp-content\/uploads\/2024\/01\/51-leslie-lagier-1.jpg\"><img decoding=\"async\" data-id=\"6899\" src=\"https:\/\/www.festival-armoricourt.com\/wp-content\/uploads\/2024\/01\/51-leslie-lagier-1.jpg\" alt=\"\" class=\"wp-image-6899\"\/><\/a><\/figure>\n\n\n\n<figure class=\"wp-block-image size-large\"><a href=\"https:\/\/www.festival-armoricourt.com\/wp-content\/uploads\/2024\/01\/52-public-question.jpg\"><img decoding=\"async\" data-id=\"6892\" src=\"https:\/\/www.festival-armoricourt.com\/wp-content\/uploads\/2024\/01\/52-public-question.jpg\" alt=\"\" class=\"wp-image-6892\"\/><\/a><\/figure>\n\n\n\n<figure class=\"wp-block-image size-large\"><a href=\"https:\/\/www.festival-armoricourt.com\/wp-content\/uploads\/2024\/01\/53-leslie-lagier-1.jpg\"><img decoding=\"async\" data-id=\"6896\" src=\"https:\/\/www.festival-armoricourt.com\/wp-content\/uploads\/2024\/01\/53-leslie-lagier-1.jpg\" alt=\"\" class=\"wp-image-6896\"\/><\/a><\/figure>\n\n\n\n<figure class=\"wp-block-image size-large\"><a href=\"https:\/\/www.festival-armoricourt.com\/wp-content\/uploads\/2024\/01\/55-leslie-lagier-1.jpg\"><img decoding=\"async\" data-id=\"6891\" src=\"https:\/\/www.festival-armoricourt.com\/wp-content\/uploads\/2024\/01\/55-leslie-lagier-1.jpg\" alt=\"\" class=\"wp-image-6891\"\/><\/a><\/figure>\n<\/figure>\n\n\n\n<p><\/p>\n\n\n\n<h2 class=\"wp-block-heading\">Remise des prix samedi 18 novembre en fin de soir\u00e9e<\/h2>\n\n\n\n<figure class=\"wp-block-gallery has-nested-images columns-default is-cropped wp-block-gallery-4 is-layout-flex wp-block-gallery-is-layout-flex\">\n<figure class=\"wp-block-image size-large\"><a href=\"https:\/\/www.festival-armoricourt.com\/wp-content\/uploads\/2024\/01\/55-salle.jpg\"><img decoding=\"async\" data-id=\"6910\" src=\"https:\/\/www.festival-armoricourt.com\/wp-content\/uploads\/2024\/01\/55-salle.jpg\" alt=\"\" class=\"wp-image-6910\"\/><\/a><\/figure>\n\n\n\n<figure class=\"wp-block-image size-large\"><a href=\"https:\/\/www.festival-armoricourt.com\/wp-content\/uploads\/2024\/01\/71-rdp-antoine-delelis.jpg\"><img decoding=\"async\" data-id=\"6907\" src=\"https:\/\/www.festival-armoricourt.com\/wp-content\/uploads\/2024\/01\/71-rdp-antoine-delelis.jpg\" alt=\"\" class=\"wp-image-6907\"\/><\/a><\/figure>\n\n\n\n<figure class=\"wp-block-image size-large\"><a href=\"https:\/\/www.festival-armoricourt.com\/wp-content\/uploads\/2024\/01\/72-rdp-antoine-delelis-1.jpg\"><img decoding=\"async\" data-id=\"6905\" src=\"https:\/\/www.festival-armoricourt.com\/wp-content\/uploads\/2024\/01\/72-rdp-antoine-delelis-1.jpg\" alt=\"\" class=\"wp-image-6905\"\/><\/a><\/figure>\n\n\n\n<figure class=\"wp-block-image size-large\"><a href=\"https:\/\/www.festival-armoricourt.com\/wp-content\/uploads\/2024\/01\/73-rdp-antoine-delelis-1.jpg\"><img decoding=\"async\" data-id=\"6913\" src=\"https:\/\/www.festival-armoricourt.com\/wp-content\/uploads\/2024\/01\/73-rdp-antoine-delelis-1.jpg\" alt=\"\" class=\"wp-image-6913\"\/><\/a><\/figure>\n\n\n\n<figure class=\"wp-block-image size-large\"><a href=\"https:\/\/www.festival-armoricourt.com\/wp-content\/uploads\/2024\/01\/75-rdp-olivier-escalon-1.jpg\"><img decoding=\"async\" data-id=\"6914\" src=\"https:\/\/www.festival-armoricourt.com\/wp-content\/uploads\/2024\/01\/75-rdp-olivier-escalon-1.jpg\" alt=\"\" class=\"wp-image-6914\"\/><\/a><\/figure>\n\n\n\n<figure class=\"wp-block-image size-large\"><a href=\"https:\/\/www.festival-armoricourt.com\/wp-content\/uploads\/2024\/01\/76-rdp-olivier-escalon-1.jpg\"><img decoding=\"async\" data-id=\"6909\" src=\"https:\/\/www.festival-armoricourt.com\/wp-content\/uploads\/2024\/01\/76-rdp-olivier-escalon-1.jpg\" alt=\"\" class=\"wp-image-6909\"\/><\/a><\/figure>\n\n\n\n<figure class=\"wp-block-image size-large\"><a href=\"https:\/\/www.festival-armoricourt.com\/wp-content\/uploads\/2024\/01\/77-rdp-heiremu-pinson-1.jpg\"><img decoding=\"async\" data-id=\"6908\" src=\"https:\/\/www.festival-armoricourt.com\/wp-content\/uploads\/2024\/01\/77-rdp-heiremu-pinson-1.jpg\" alt=\"\" class=\"wp-image-6908\"\/><\/a><\/figure>\n\n\n\n<figure class=\"wp-block-image size-large\"><a href=\"https:\/\/www.festival-armoricourt.com\/wp-content\/uploads\/2024\/01\/78-rdp-heiremu-pinson-1.jpg\"><img decoding=\"async\" data-id=\"6904\" src=\"https:\/\/www.festival-armoricourt.com\/wp-content\/uploads\/2024\/01\/78-rdp-heiremu-pinson-1.jpg\" alt=\"\" class=\"wp-image-6904\"\/><\/a><\/figure>\n\n\n\n<figure class=\"wp-block-image size-large\"><a href=\"https:\/\/www.festival-armoricourt.com\/wp-content\/uploads\/2024\/01\/79-rdp-heiremu-pinson.jpg\"><img decoding=\"async\" data-id=\"6912\" src=\"https:\/\/www.festival-armoricourt.com\/wp-content\/uploads\/2024\/01\/79-rdp-heiremu-pinson.jpg\" alt=\"\" class=\"wp-image-6912\"\/><\/a><\/figure>\n\n\n\n<figure class=\"wp-block-image size-large\"><a href=\"https:\/\/www.festival-armoricourt.com\/wp-content\/uploads\/2024\/01\/80-rdp-groupe.jpg\"><img decoding=\"async\" data-id=\"6906\" src=\"https:\/\/www.festival-armoricourt.com\/wp-content\/uploads\/2024\/01\/80-rdp-groupe.jpg\" alt=\"\" class=\"wp-image-6906\"\/><\/a><\/figure>\n\n\n\n<figure class=\"wp-block-image size-large\"><a href=\"https:\/\/www.festival-armoricourt.com\/wp-content\/uploads\/2024\/01\/81-rdp-groupe.jpg\"><img decoding=\"async\" data-id=\"6911\" src=\"https:\/\/www.festival-armoricourt.com\/wp-content\/uploads\/2024\/01\/81-rdp-groupe.jpg\" alt=\"\" class=\"wp-image-6911\"\/><\/a><\/figure>\n\n\n\n<figure class=\"wp-block-image size-large\"><a href=\"https:\/\/www.festival-armoricourt.com\/wp-content\/uploads\/2024\/01\/82-rdp-laureats.jpg\"><img decoding=\"async\" data-id=\"6915\" src=\"https:\/\/www.festival-armoricourt.com\/wp-content\/uploads\/2024\/01\/82-rdp-laureats.jpg\" alt=\"\" class=\"wp-image-6915\"\/><\/a><\/figure>\n<\/figure>\n","protected":false},"excerpt":{"rendered":"<p>Quelques photos souvenir de la 15e \u00e9dition du Festival Armoricourt qui s&rsquo;est tenue, pour la partie comp\u00e9tition, les 17 et 18 novembre 2023 au Cin\u00e9ma Le Douron, \u00e0 Plestin-les-Gr\u00e8ves (22 &#8211; C\u00f4tes d&rsquo;Armor) en pr\u00e9sence de l&rsquo;invit\u00e9 d&rsquo;honneur, R\u00e9gis Roinsard, r\u00e9alisateur cin\u00e9ma. Les photographies de cette galerie ont \u00e9t\u00e9 prises par Armelle Trentesaux, Laurent Latouche [&hellip;]<\/p>\n","protected":false},"author":4,"featured_media":0,"parent":6502,"menu_order":0,"comment_status":"closed","ping_status":"closed","template":"","meta":{"ocean_post_layout":"","ocean_both_sidebars_style":"","ocean_both_sidebars_content_width":0,"ocean_both_sidebars_sidebars_width":0,"ocean_sidebar":"","ocean_second_sidebar":"","ocean_disable_margins":"enable","ocean_add_body_class":"","ocean_shortcode_before_top_bar":"","ocean_shortcode_after_top_bar":"","ocean_shortcode_before_header":"","ocean_shortcode_after_header":"","ocean_has_shortcode":"","ocean_shortcode_after_title":"","ocean_shortcode_before_footer_widgets":"","ocean_shortcode_after_footer_widgets":"","ocean_shortcode_before_footer_bottom":"","ocean_shortcode_after_footer_bottom":"","ocean_display_top_bar":"default","ocean_display_header":"default","ocean_header_style":"","ocean_center_header_left_menu":"","ocean_custom_header_template":"","ocean_custom_logo":0,"ocean_custom_retina_logo":0,"ocean_custom_logo_max_width":0,"ocean_custom_logo_tablet_max_width":0,"ocean_custom_logo_mobile_max_width":0,"ocean_custom_logo_max_height":0,"ocean_custom_logo_tablet_max_height":0,"ocean_custom_logo_mobile_max_height":0,"ocean_header_custom_menu":"","ocean_menu_typo_font_family":"","ocean_menu_typo_font_subset":"","ocean_menu_typo_font_size":0,"ocean_menu_typo_font_size_tablet":0,"ocean_menu_typo_font_size_mobile":0,"ocean_menu_typo_font_size_unit":"px","ocean_menu_typo_font_weight":"","ocean_menu_typo_font_weight_tablet":"","ocean_menu_typo_font_weight_mobile":"","ocean_menu_typo_transform":"","ocean_menu_typo_transform_tablet":"","ocean_menu_typo_transform_mobile":"","ocean_menu_typo_line_height":0,"ocean_menu_typo_line_height_tablet":0,"ocean_menu_typo_line_height_mobile":0,"ocean_menu_typo_line_height_unit":"","ocean_menu_typo_spacing":0,"ocean_menu_typo_spacing_tablet":0,"ocean_menu_typo_spacing_mobile":0,"ocean_menu_typo_spacing_unit":"","ocean_menu_link_color":"","ocean_menu_link_color_hover":"","ocean_menu_link_color_active":"","ocean_menu_link_background":"","ocean_menu_link_hover_background":"","ocean_menu_link_active_background":"","ocean_menu_social_links_bg":"","ocean_menu_social_hover_links_bg":"","ocean_menu_social_links_color":"","ocean_menu_social_hover_links_color":"","ocean_disable_title":"default","ocean_disable_heading":"default","ocean_post_title":"","ocean_post_subheading":"","ocean_post_title_style":"","ocean_post_title_background_color":"","ocean_post_title_background":0,"ocean_post_title_bg_image_position":"","ocean_post_title_bg_image_attachment":"","ocean_post_title_bg_image_repeat":"","ocean_post_title_bg_image_size":"","ocean_post_title_height":0,"ocean_post_title_bg_overlay":0.5,"ocean_post_title_bg_overlay_color":"","ocean_disable_breadcrumbs":"default","ocean_breadcrumbs_color":"","ocean_breadcrumbs_separator_color":"","ocean_breadcrumbs_links_color":"","ocean_breadcrumbs_links_hover_color":"","ocean_display_footer_widgets":"default","ocean_display_footer_bottom":"default","ocean_custom_footer_template":"","footnotes":""},"class_list":["post-10030","page","type-page","status-publish","hentry","entry"],"yoast_head":"<!-- This site is optimized with the Yoast SEO plugin v27.0 - https:\/\/yoast.com\/product\/yoast-seo-wordpress\/ -->\n<title>GALERIE PHOTO FESTIVAL #15 - Festival Armoricourt<\/title>\n<meta name=\"robots\" content=\"index, follow, max-snippet:-1, max-image-preview:large, max-video-preview:-1\" \/>\n<link rel=\"canonical\" href=\"https:\/\/festival-armoricourt.com\/index.php\/les-editions-precedentes\/edition-15-2023\/galerie-photo-festival-15\/\" \/>\n<meta property=\"og:locale\" content=\"fr_FR\" \/>\n<meta property=\"og:type\" content=\"article\" \/>\n<meta property=\"og:title\" content=\"GALERIE PHOTO FESTIVAL #15 - Festival Armoricourt\" \/>\n<meta property=\"og:description\" content=\"Quelques photos souvenir de la 15e \u00e9dition du Festival Armoricourt qui s&rsquo;est tenue, pour la partie comp\u00e9tition, les 17 et 18 novembre 2023 au Cin\u00e9ma Le Douron, \u00e0 Plestin-les-Gr\u00e8ves (22 &#8211; C\u00f4tes d&rsquo;Armor) en pr\u00e9sence de l&rsquo;invit\u00e9 d&rsquo;honneur, R\u00e9gis Roinsard, r\u00e9alisateur cin\u00e9ma. Les photographies de cette galerie ont \u00e9t\u00e9 prises par Armelle Trentesaux, Laurent Latouche [&hellip;]\" \/>\n<meta property=\"og:url\" content=\"https:\/\/festival-armoricourt.com\/index.php\/les-editions-precedentes\/edition-15-2023\/galerie-photo-festival-15\/\" \/>\n<meta property=\"og:site_name\" content=\"Festival Armoricourt\" \/>\n<meta property=\"article:publisher\" content=\"https:\/\/www.facebook.com\/armoricourt\" \/>\n<meta property=\"article:modified_time\" content=\"2024-02-15T17:18:52+00:00\" \/>\n<meta property=\"og:image\" content=\"https:\/\/www.festival-armoricourt.com\/wp-content\/uploads\/2024\/01\/01-regis-herve-sylvie.jpg\" \/>\n<meta name=\"twitter:card\" content=\"summary_large_image\" \/>\n<meta name=\"twitter:label1\" content=\"Dur\u00e9e de lecture estim\u00e9e\" \/>\n\t<meta name=\"twitter:data1\" content=\"13 minutes\" \/>\n<script type=\"application\/ld+json\" class=\"yoast-schema-graph\">{\"@context\":\"https:\/\/schema.org\",\"@graph\":[{\"@type\":\"WebPage\",\"@id\":\"https:\/\/festival-armoricourt.com\/index.php\/les-editions-precedentes\/edition-15-2023\/galerie-photo-festival-15\/\",\"url\":\"https:\/\/festival-armoricourt.com\/index.php\/les-editions-precedentes\/edition-15-2023\/galerie-photo-festival-15\/\",\"name\":\"GALERIE PHOTO FESTIVAL #15 - Festival Armoricourt\",\"isPartOf\":{\"@id\":\"https:\/\/festival-armoricourt.com\/#website\"},\"primaryImageOfPage\":{\"@id\":\"https:\/\/festival-armoricourt.com\/index.php\/les-editions-precedentes\/edition-15-2023\/galerie-photo-festival-15\/#primaryimage\"},\"image\":{\"@id\":\"https:\/\/festival-armoricourt.com\/index.php\/les-editions-precedentes\/edition-15-2023\/galerie-photo-festival-15\/#primaryimage\"},\"thumbnailUrl\":\"https:\/\/www.festival-armoricourt.com\/wp-content\/uploads\/2024\/01\/01-regis-herve-sylvie.jpg\",\"datePublished\":\"2024-01-11T01:56:56+00:00\",\"dateModified\":\"2024-02-15T17:18:52+00:00\",\"breadcrumb\":{\"@id\":\"https:\/\/festival-armoricourt.com\/index.php\/les-editions-precedentes\/edition-15-2023\/galerie-photo-festival-15\/#breadcrumb\"},\"inLanguage\":\"fr-FR\",\"potentialAction\":[{\"@type\":\"ReadAction\",\"target\":[\"https:\/\/festival-armoricourt.com\/index.php\/les-editions-precedentes\/edition-15-2023\/galerie-photo-festival-15\/\"]}]},{\"@type\":\"ImageObject\",\"inLanguage\":\"fr-FR\",\"@id\":\"https:\/\/festival-armoricourt.com\/index.php\/les-editions-precedentes\/edition-15-2023\/galerie-photo-festival-15\/#primaryimage\",\"url\":\"https:\/\/www.festival-armoricourt.com\/wp-content\/uploads\/2024\/01\/01-regis-herve-sylvie.jpg\",\"contentUrl\":\"https:\/\/www.festival-armoricourt.com\/wp-content\/uploads\/2024\/01\/01-regis-herve-sylvie.jpg\"},{\"@type\":\"BreadcrumbList\",\"@id\":\"https:\/\/festival-armoricourt.com\/index.php\/les-editions-precedentes\/edition-15-2023\/galerie-photo-festival-15\/#breadcrumb\",\"itemListElement\":[{\"@type\":\"ListItem\",\"position\":1,\"name\":\"Accueil\",\"item\":\"https:\/\/festival-armoricourt.com\/\"},{\"@type\":\"ListItem\",\"position\":2,\"name\":\"\u00c9DITIONS PR\u00c9C\u00c9DENTES\",\"item\":\"https:\/\/festival-armoricourt.com\/index.php\/les-editions-precedentes\/\"},{\"@type\":\"ListItem\",\"position\":3,\"name\":\"EDITION 15 &#8211; 2023\",\"item\":\"https:\/\/festival-armoricourt.com\/index.php\/les-editions-precedentes\/edition-15-2023\/\"},{\"@type\":\"ListItem\",\"position\":4,\"name\":\"GALERIE PHOTO FESTIVAL #15\"}]},{\"@type\":\"WebSite\",\"@id\":\"https:\/\/festival-armoricourt.com\/#website\",\"url\":\"https:\/\/festival-armoricourt.com\/\",\"name\":\"Festival Armoricourt\",\"description\":\"Decouvrir des courts m\u00e9trages de qualit\u00e9, et rencontrer ceux qui les font\",\"publisher\":{\"@id\":\"https:\/\/festival-armoricourt.com\/#organization\"},\"potentialAction\":[{\"@type\":\"SearchAction\",\"target\":{\"@type\":\"EntryPoint\",\"urlTemplate\":\"https:\/\/festival-armoricourt.com\/?s={search_term_string}\"},\"query-input\":{\"@type\":\"PropertyValueSpecification\",\"valueRequired\":true,\"valueName\":\"search_term_string\"}}],\"inLanguage\":\"fr-FR\"},{\"@type\":\"Organization\",\"@id\":\"https:\/\/festival-armoricourt.com\/#organization\",\"name\":\"Armoricourt\",\"url\":\"https:\/\/festival-armoricourt.com\/\",\"logo\":{\"@type\":\"ImageObject\",\"inLanguage\":\"fr-FR\",\"@id\":\"https:\/\/festival-armoricourt.com\/#\/schema\/logo\/image\/\",\"url\":\"https:\/\/festival-armoricourt.com\/wp-content\/uploads\/2023\/10\/cropped-2023-logo-armoricourt-1280.jpg\",\"contentUrl\":\"https:\/\/festival-armoricourt.com\/wp-content\/uploads\/2023\/10\/cropped-2023-logo-armoricourt-1280.jpg\",\"width\":1280,\"height\":351,\"caption\":\"Armoricourt\"},\"image\":{\"@id\":\"https:\/\/festival-armoricourt.com\/#\/schema\/logo\/image\/\"},\"sameAs\":[\"https:\/\/www.facebook.com\/armoricourt\"]}]}<\/script>\n<!-- \/ Yoast SEO plugin. -->","yoast_head_json":{"title":"GALERIE PHOTO FESTIVAL #15 - Festival Armoricourt","robots":{"index":"index","follow":"follow","max-snippet":"max-snippet:-1","max-image-preview":"max-image-preview:large","max-video-preview":"max-video-preview:-1"},"canonical":"https:\/\/festival-armoricourt.com\/index.php\/les-editions-precedentes\/edition-15-2023\/galerie-photo-festival-15\/","og_locale":"fr_FR","og_type":"article","og_title":"GALERIE PHOTO FESTIVAL #15 - Festival Armoricourt","og_description":"Quelques photos souvenir de la 15e \u00e9dition du Festival Armoricourt qui s&rsquo;est tenue, pour la partie comp\u00e9tition, les 17 et 18 novembre 2023 au Cin\u00e9ma Le Douron, \u00e0 Plestin-les-Gr\u00e8ves (22 &#8211; C\u00f4tes d&rsquo;Armor) en pr\u00e9sence de l&rsquo;invit\u00e9 d&rsquo;honneur, R\u00e9gis Roinsard, r\u00e9alisateur cin\u00e9ma. Les photographies de cette galerie ont \u00e9t\u00e9 prises par Armelle Trentesaux, Laurent Latouche [&hellip;]","og_url":"https:\/\/festival-armoricourt.com\/index.php\/les-editions-precedentes\/edition-15-2023\/galerie-photo-festival-15\/","og_site_name":"Festival Armoricourt","article_publisher":"https:\/\/www.facebook.com\/armoricourt","article_modified_time":"2024-02-15T17:18:52+00:00","og_image":[{"url":"https:\/\/www.festival-armoricourt.com\/wp-content\/uploads\/2024\/01\/01-regis-herve-sylvie.jpg","type":"","width":"","height":""}],"twitter_card":"summary_large_image","twitter_misc":{"Dur\u00e9e de lecture estim\u00e9e":"13 minutes"},"schema":{"@context":"https:\/\/schema.org","@graph":[{"@type":"WebPage","@id":"https:\/\/festival-armoricourt.com\/index.php\/les-editions-precedentes\/edition-15-2023\/galerie-photo-festival-15\/","url":"https:\/\/festival-armoricourt.com\/index.php\/les-editions-precedentes\/edition-15-2023\/galerie-photo-festival-15\/","name":"GALERIE PHOTO FESTIVAL #15 - Festival Armoricourt","isPartOf":{"@id":"https:\/\/festival-armoricourt.com\/#website"},"primaryImageOfPage":{"@id":"https:\/\/festival-armoricourt.com\/index.php\/les-editions-precedentes\/edition-15-2023\/galerie-photo-festival-15\/#primaryimage"},"image":{"@id":"https:\/\/festival-armoricourt.com\/index.php\/les-editions-precedentes\/edition-15-2023\/galerie-photo-festival-15\/#primaryimage"},"thumbnailUrl":"https:\/\/www.festival-armoricourt.com\/wp-content\/uploads\/2024\/01\/01-regis-herve-sylvie.jpg","datePublished":"2024-01-11T01:56:56+00:00","dateModified":"2024-02-15T17:18:52+00:00","breadcrumb":{"@id":"https:\/\/festival-armoricourt.com\/index.php\/les-editions-precedentes\/edition-15-2023\/galerie-photo-festival-15\/#breadcrumb"},"inLanguage":"fr-FR","potentialAction":[{"@type":"ReadAction","target":["https:\/\/festival-armoricourt.com\/index.php\/les-editions-precedentes\/edition-15-2023\/galerie-photo-festival-15\/"]}]},{"@type":"ImageObject","inLanguage":"fr-FR","@id":"https:\/\/festival-armoricourt.com\/index.php\/les-editions-precedentes\/edition-15-2023\/galerie-photo-festival-15\/#primaryimage","url":"https:\/\/www.festival-armoricourt.com\/wp-content\/uploads\/2024\/01\/01-regis-herve-sylvie.jpg","contentUrl":"https:\/\/www.festival-armoricourt.com\/wp-content\/uploads\/2024\/01\/01-regis-herve-sylvie.jpg"},{"@type":"BreadcrumbList","@id":"https:\/\/festival-armoricourt.com\/index.php\/les-editions-precedentes\/edition-15-2023\/galerie-photo-festival-15\/#breadcrumb","itemListElement":[{"@type":"ListItem","position":1,"name":"Accueil","item":"https:\/\/festival-armoricourt.com\/"},{"@type":"ListItem","position":2,"name":"\u00c9DITIONS PR\u00c9C\u00c9DENTES","item":"https:\/\/festival-armoricourt.com\/index.php\/les-editions-precedentes\/"},{"@type":"ListItem","position":3,"name":"EDITION 15 &#8211; 2023","item":"https:\/\/festival-armoricourt.com\/index.php\/les-editions-precedentes\/edition-15-2023\/"},{"@type":"ListItem","position":4,"name":"GALERIE PHOTO FESTIVAL #15"}]},{"@type":"WebSite","@id":"https:\/\/festival-armoricourt.com\/#website","url":"https:\/\/festival-armoricourt.com\/","name":"Festival Armoricourt","description":"Decouvrir des courts m\u00e9trages de qualit\u00e9, et rencontrer ceux qui les font","publisher":{"@id":"https:\/\/festival-armoricourt.com\/#organization"},"potentialAction":[{"@type":"SearchAction","target":{"@type":"EntryPoint","urlTemplate":"https:\/\/festival-armoricourt.com\/?s={search_term_string}"},"query-input":{"@type":"PropertyValueSpecification","valueRequired":true,"valueName":"search_term_string"}}],"inLanguage":"fr-FR"},{"@type":"Organization","@id":"https:\/\/festival-armoricourt.com\/#organization","name":"Armoricourt","url":"https:\/\/festival-armoricourt.com\/","logo":{"@type":"ImageObject","inLanguage":"fr-FR","@id":"https:\/\/festival-armoricourt.com\/#\/schema\/logo\/image\/","url":"https:\/\/festival-armoricourt.com\/wp-content\/uploads\/2023\/10\/cropped-2023-logo-armoricourt-1280.jpg","contentUrl":"https:\/\/festival-armoricourt.com\/wp-content\/uploads\/2023\/10\/cropped-2023-logo-armoricourt-1280.jpg","width":1280,"height":351,"caption":"Armoricourt"},"image":{"@id":"https:\/\/festival-armoricourt.com\/#\/schema\/logo\/image\/"},"sameAs":["https:\/\/www.facebook.com\/armoricourt"]}]}},"_links":{"self":[{"href":"https:\/\/festival-armoricourt.com\/index.php\/wp-json\/wp\/v2\/pages\/10030","targetHints":{"allow":["GET"]}}],"collection":[{"href":"https:\/\/festival-armoricourt.com\/index.php\/wp-json\/wp\/v2\/pages"}],"about":[{"href":"https:\/\/festival-armoricourt.com\/index.php\/wp-json\/wp\/v2\/types\/page"}],"author":[{"embeddable":true,"href":"https:\/\/festival-armoricourt.com\/index.php\/wp-json\/wp\/v2\/users\/4"}],"replies":[{"embeddable":true,"href":"https:\/\/festival-armoricourt.com\/index.php\/wp-json\/wp\/v2\/comments?post=10030"}],"version-history":[{"count":1,"href":"https:\/\/festival-armoricourt.com\/index.php\/wp-json\/wp\/v2\/pages\/10030\/revisions"}],"predecessor-version":[{"id":10054,"href":"https:\/\/festival-armoricourt.com\/index.php\/wp-json\/wp\/v2\/pages\/10030\/revisions\/10054"}],"up":[{"embeddable":true,"href":"https:\/\/festival-armoricourt.com\/index.php\/wp-json\/wp\/v2\/pages\/6502"}],"wp:attachment":[{"href":"https:\/\/festival-armoricourt.com\/index.php\/wp-json\/wp\/v2\/media?parent=10030"}],"curies":[{"name":"wp","href":"https:\/\/api.w.org\/{rel}","templated":true}]}}